{"id":358,"date":"2020-05-19T11:52:58","date_gmt":"2020-05-19T09:52:58","guid":{"rendered":"https:\/\/sophieneck.de\/?page_id=358"},"modified":"2023-11-18T20:41:35","modified_gmt":"2023-11-18T19:41:35","slug":"kiezrundgang","status":"publish","type":"page","link":"https:\/\/sophieneck-berlin.de\/de_de\/kiezrundgang\/","title":{"rendered":"Kiezrundgang"},"content":{"rendered":"\t\t<div data-elementor-type=\"wp-page\" data-elementor-id=\"358\" class=\"elementor elementor-358\">\n\t\t\t\t\t\t<section class=\"elementor-section elementor-top-section elementor-element elementor-element-160e3cac elementor-section-content-top elementor-section-boxed elementor-section-height-default elementor-section-height-default\" data-id=\"160e3cac\" data-element_type=\"section\" data-e-type=\"section\">\n\t\t\t\t\t\t<div class=\"elementor-container elementor-column-gap-no\">\n\t\t\t\t\t<div class=\"elementor-column elementor-col-100 elementor-top-column elementor-element elementor-element-96028cc\" data-id=\"96028cc\" data-element_type=\"column\" data-e-type=\"column\">\n\t\t\t<div class=\"elementor-widget-wrap elementor-element-populated\">\n\t\t\t\t\t\t<div class=\"elementor-element elementor-element-630bb216 elementor-invisible elementor-widget elementor-widget-image\" data-id=\"630bb216\" data-element_type=\"widget\" data-e-type=\"widget\" data-settings=\"{&quot;_animation&quot;:&quot;fadeInDown&quot;}\" data-widget_type=\"image.default\">\n\t\t\t\t<div class=\"elementor-widget-container\">\n\t\t\t\t\t\t\t\t\t\t\t\t\t\t\t<img decoding=\"async\" src=\"https:\/\/sophieneck-berlin.de\/wp-content\/uploads\/2020\/05\/SpandauerVorstadt.jpg\" title=\"SpandauerVorstadt\" alt=\"SpandauerVorstadt\" loading=\"lazy\" \/>\t\t\t\t\t\t\t\t\t\t\t\t\t\t\t<\/div>\n\t\t\t\t<\/div>\n\t\t\t\t\t<\/div>\n\t\t<\/div>\n\t\t\t\t\t<\/div>\n\t\t<\/section>\n\t\t\t\t<section class=\"elementor-section elementor-top-section elementor-element elementor-element-11c96d04 elementor-section-boxed elementor-section-height-default elementor-section-height-default\" data-id=\"11c96d04\" data-element_type=\"section\" data-e-type=\"section\">\n\t\t\t\t\t\t<div class=\"elementor-container elementor-column-gap-no\">\n\t\t\t\t\t<div class=\"elementor-column elementor-col-50 elementor-top-column elementor-element elementor-element-1e4a2708 animated-fast elementor-invisible\" data-id=\"1e4a2708\" data-element_type=\"column\" data-e-type=\"column\" data-settings=\"{&quot;animation&quot;:&quot;fadeInLeft&quot;}\">\n\t\t\t<div class=\"elementor-widget-wrap elementor-element-populated\">\n\t\t\t\t\t\t<div class=\"elementor-element elementor-element-68d779e elementor-invisible elementor-widget elementor-widget-heading\" data-id=\"68d779e\" data-element_type=\"widget\" data-e-type=\"widget\" data-settings=\"{&quot;_animation&quot;:&quot;fadeInLeft&quot;}\" data-widget_type=\"heading.default\">\n\t\t\t\t<div class=\"elementor-widget-container\">\n\t\t\t\t\t<h2 class=\"elementor-heading-title elementor-size-default\">Der Kiez, die Spandauer Vorstadt<\/h2>\t\t\t\t<\/div>\n\t\t\t\t<\/div>\n\t\t\t\t<div class=\"elementor-element elementor-element-ae18b7b elementor-widget-divider--view-line elementor-widget elementor-widget-divider\" data-id=\"ae18b7b\" data-element_type=\"widget\" data-e-type=\"widget\" data-widget_type=\"divider.default\">\n\t\t\t\t<div class=\"elementor-widget-container\">\n\t\t\t\t\t\t\t<div class=\"elementor-divider\">\n\t\t\t<span class=\"elementor-divider-separator\">\n\t\t\t\t\t\t<\/span>\n\t\t<\/div>\n\t\t\t\t\t\t<\/div>\n\t\t\t\t<\/div>\n\t\t\t\t<div class=\"elementor-element elementor-element-73684921 elementor-widget elementor-widget-text-editor\" data-id=\"73684921\" data-element_type=\"widget\" data-e-type=\"widget\" data-widget_type=\"text-editor.default\">\n\t\t\t\t<div class=\"elementor-widget-container\">\n\t\t\t\t\t\t\t\t\t<p>Berlins erste Erw\u00e4hnung war in der Mitte des 12. Jahrhunderts. Nach dem 30igj\u00e4hrigem Krieg (1618 &#8211; 48) wurde als Schutz eine Bastion mit einer Befestigungsanlage gebaut, es entstanden 13 Tore rund um Berlin. Das bekannteste war und ist das Brandenburger Tor, ab 1735 wird die Befestigungsanlage wieder abgetragen.<\/p><p>Spandauer Vorstadt, ehemals Feldmark vor den Toren Berlins, war durchzogen von Handelswegen, z.B. in Richtung Hamburg &#8212; Grosse Hamburger Stra\u00dfe, in Richtung Oranienburg &#8212; Oranienburger Stra\u00dfe<\/p>\t\t\t\t\t\t\t\t<\/div>\n\t\t\t\t<\/div>\n\t\t\t\t\t<\/div>\n\t\t<\/div>\n\t\t\t\t<div class=\"elementor-column elementor-col-50 elementor-top-column elementor-element elementor-element-60b4252 animated-fast elementor-invisible\" data-id=\"60b4252\" data-element_type=\"column\" data-e-type=\"column\" data-settings=\"{&quot;background_background&quot;:&quot;classic&quot;,&quot;animation&quot;:&quot;fadeInRight&quot;}\">\n\t\t\t<div class=\"elementor-widget-wrap elementor-element-populated\">\n\t\t\t\t\t\t<div class=\"elementor-element elementor-element-99014e4 elementor-widget elementor-widget-text-editor\" data-id=\"99014e4\" data-element_type=\"widget\" data-e-type=\"widget\" data-settings=\"{&quot;_animation&quot;:&quot;none&quot;}\" data-widget_type=\"text-editor.default\">\n\t\t\t\t<div class=\"elementor-widget-container\">\n\t\t\t\t\t\t\t\t\t<p style=\"text-align: center;\"><a href=\"https:\/\/sophieneck-berlin.de\/kiezrundgang\/\"><span style=\"color: #ffffff;\">Kiez Spandauer Vorstadt<br \/><\/span><\/a><\/p>\t\t\t\t\t\t\t\t<\/div>\n\t\t\t\t<\/div>\n\t\t\t\t<div class=\"elementor-element elementor-element-fa075dd elementor-widget elementor-widget-text-editor\" data-id=\"fa075dd\" data-element_type=\"widget\" data-e-type=\"widget\" data-settings=\"{&quot;_animation&quot;:&quot;none&quot;}\" data-widget_type=\"text-editor.default\">\n\t\t\t\t<div class=\"elementor-widget-container\">\n\t\t\t\t\t\t\t\t\t<p style=\"text-align: center;\"><span style=\"color: #ffffff;\"><a style=\"color: #ffffff;\" href=\"https:\/\/sophieneck-berlin.de\/zur-geschichte-einer-ecke\/\">Zur Geschichte einer Ecke<\/a><br \/><\/span><\/p>\t\t\t\t\t\t\t\t<\/div>\n\t\t\t\t<\/div>\n\t\t\t\t<div class=\"elementor-element elementor-element-84e52d5 elementor-widget elementor-widget-text-editor\" data-id=\"84e52d5\" data-element_type=\"widget\" data-e-type=\"widget\" data-settings=\"{&quot;_animation&quot;:&quot;none&quot;}\" data-widget_type=\"text-editor.default\">\n\t\t\t\t<div class=\"elementor-widget-container\">\n\t\t\t\t\t\t\t\t\t<p style=\"text-align: center;\"><span style=\"color: #ffffff;\"><a style=\"color: #ffffff;\" href=\"https:\/\/sophieneck-berlin.de\/stadtfuehrungen\/\">Erlebnis Stadtf\u00fchrung durch den Kiez<\/a><br \/><\/span><\/p>\t\t\t\t\t\t\t\t<\/div>\n\t\t\t\t<\/div>\n\t\t\t\t<div class=\"elementor-element elementor-element-a67b47c elementor-widget elementor-widget-text-editor\" data-id=\"a67b47c\" data-element_type=\"widget\" data-e-type=\"widget\" data-settings=\"{&quot;_animation&quot;:&quot;none&quot;}\" data-widget_type=\"text-editor.default\">\n\t\t\t\t<div class=\"elementor-widget-container\">\n\t\t\t\t\t\t\t\t\t<p style=\"text-align: center;\"><span style=\"color: #ffffff;\"><a style=\"color: #ffffff;\" href=\"https:\/\/sophieneck-berlin.de\/tipps-und-links\/\">Kulturtipps aus dem Kiez<\/a><br \/><\/span><\/p>\t\t\t\t\t\t\t\t<\/div>\n\t\t\t\t<\/div>\n\t\t\t\t\t<\/div>\n\t\t<\/div>\n\t\t\t\t\t<\/div>\n\t\t<\/section>\n\t\t\t\t<section class=\"elementor-section elementor-top-section elementor-element elementor-element-953eba8 elementor-section-boxed elementor-section-height-default elementor-section-height-default\" data-id=\"953eba8\" data-element_type=\"section\" data-e-type=\"section\">\n\t\t\t\t\t\t\t<div class=\"elementor-background-overlay\"><\/div>\n\t\t\t\t\t\t\t<div class=\"elementor-container elementor-column-gap-default\">\n\t\t\t\t\t<div class=\"elementor-column elementor-col-100 elementor-top-column elementor-element elementor-element-ca68602\" data-id=\"ca68602\" data-element_type=\"column\" data-e-type=\"column\">\n\t\t\t<div class=\"elementor-widget-wrap elementor-element-populated\">\n\t\t\t\t\t\t<div class=\"elementor-element elementor-element-5daa9c3 elementor-widget-divider--view-line elementor-widget elementor-widget-divider\" data-id=\"5daa9c3\" data-element_type=\"widget\" data-e-type=\"widget\" data-widget_type=\"divider.default\">\n\t\t\t\t<div class=\"elementor-widget-container\">\n\t\t\t\t\t\t\t<div class=\"elementor-divider\">\n\t\t\t<span class=\"elementor-divider-separator\">\n\t\t\t\t\t\t<\/span>\n\t\t<\/div>\n\t\t\t\t\t\t<\/div>\n\t\t\t\t<\/div>\n\t\t\t\t\t<\/div>\n\t\t<\/div>\n\t\t\t\t\t<\/div>\n\t\t<\/section>\n\t\t\t\t<section class=\"elementor-section elementor-top-section elementor-element elementor-element-12d4fe8 elementor-section-boxed elementor-section-height-default elementor-section-height-default\" data-id=\"12d4fe8\" data-element_type=\"section\" data-e-type=\"section\">\n\t\t\t\t\t\t\t<div class=\"elementor-background-overlay\"><\/div>\n\t\t\t\t\t\t\t<div class=\"elementor-container elementor-column-gap-default\">\n\t\t\t\t\t<div class=\"elementor-column elementor-col-100 elementor-top-column elementor-element elementor-element-cd19826\" data-id=\"cd19826\" data-element_type=\"column\" data-e-type=\"column\">\n\t\t\t<div class=\"elementor-widget-wrap elementor-element-populated\">\n\t\t\t\t\t\t<div class=\"elementor-element elementor-element-a7edd4a elementor-invisible elementor-widget elementor-widget-heading\" data-id=\"a7edd4a\" data-element_type=\"widget\" data-e-type=\"widget\" data-settings=\"{&quot;_animation&quot;:&quot;fadeInLeft&quot;}\" data-widget_type=\"heading.default\">\n\t\t\t\t<div class=\"elementor-widget-container\">\n\t\t\t\t\t<h2 class=\"elementor-heading-title elementor-size-default\">Die Gro\u00dfe Hamburger Strasse<\/h2>\t\t\t\t<\/div>\n\t\t\t\t<\/div>\n\t\t\t\t<div class=\"elementor-element elementor-element-b8bdc21 elementor-widget elementor-widget-text-editor\" data-id=\"b8bdc21\" data-element_type=\"widget\" data-e-type=\"widget\" data-widget_type=\"text-editor.default\">\n\t\t\t\t<div class=\"elementor-widget-container\">\n\t\t\t\t\t\t\t\t\t<p>liegt mitten in der Spandauer Vorstadt, das bedeutet: Stadt vor den Toren Berlins in Richtung Spandau.<\/p>\t\t\t\t\t\t\t\t<\/div>\n\t\t\t\t<\/div>\n\t\t\t\t\t<\/div>\n\t\t<\/div>\n\t\t\t\t\t<\/div>\n\t\t<\/section>\n\t\t\t\t<section class=\"elementor-section elementor-top-section elementor-element elementor-element-856ca4f elementor-section-boxed elementor-section-height-default elementor-section-height-default\" data-id=\"856ca4f\" data-element_type=\"section\" data-e-type=\"section\">\n\t\t\t\t\t\t\t<div class=\"elementor-background-overlay\"><\/div>\n\t\t\t\t\t\t\t<div class=\"elementor-container elementor-column-gap-default\">\n\t\t\t\t\t<div class=\"elementor-column elementor-col-100 elementor-top-column elementor-element elementor-element-91c124b\" data-id=\"91c124b\" data-element_type=\"column\" data-e-type=\"column\">\n\t\t\t<div class=\"elementor-widget-wrap elementor-element-populated\">\n\t\t\t\t\t\t<div class=\"elementor-element elementor-element-8199fb6 elementor-widget-divider--view-line elementor-widget elementor-widget-divider\" data-id=\"8199fb6\" data-element_type=\"widget\" data-e-type=\"widget\" data-widget_type=\"divider.default\">\n\t\t\t\t<div class=\"elementor-widget-container\">\n\t\t\t\t\t\t\t<div class=\"elementor-divider\">\n\t\t\t<span class=\"elementor-divider-separator\">\n\t\t\t\t\t\t<\/span>\n\t\t<\/div>\n\t\t\t\t\t\t<\/div>\n\t\t\t\t<\/div>\n\t\t\t\t\t<\/div>\n\t\t<\/div>\n\t\t\t\t\t<\/div>\n\t\t<\/section>\n\t\t\t\t<section class=\"elementor-section elementor-top-section elementor-element elementor-element-1486e963 elementor-section-boxed elementor-section-height-default elementor-section-height-default\" data-id=\"1486e963\" data-element_type=\"section\" data-e-type=\"section\">\n\t\t\t\t\t\t<div class=\"elementor-container elementor-column-gap-no\">\n\t\t\t\t\t<div class=\"elementor-column elementor-col-50 elementor-top-column elementor-element elementor-element-13c98c02\" data-id=\"13c98c02\" data-element_type=\"column\" data-e-type=\"column\">\n\t\t\t<div class=\"elementor-widget-wrap elementor-element-populated\">\n\t\t\t\t\t\t<div class=\"elementor-element elementor-element-bb78d25 elementor-widget elementor-widget-text-editor\" data-id=\"bb78d25\" data-element_type=\"widget\" data-e-type=\"widget\" data-widget_type=\"text-editor.default\">\n\t\t\t\t<div class=\"elementor-widget-container\">\n\t\t\t\t\t\t\t\t\t<h3>Sophienkirche,<\/h3><div>\u00a0<\/div><p>Evangelische Pfarrkirche sie wurde erbaut 1712 &#8211; 13 als klassische brandenburgische Pfarrkirche. 1729 &#8211; 35 kam der einzige erhaltene Barockturm der Stadt hinzu, 1892 wurde die Sophienkirche Neubarock aus- und umgebaut, der alte Eingang in der Sophienstra\u00dfe wurde in die Gro\u00dfe Hamburger Stra\u00dfe verlegt.<\/p>\t\t\t\t\t\t\t\t<\/div>\n\t\t\t\t<\/div>\n\t\t\t\t\t<\/div>\n\t\t<\/div>\n\t\t\t\t<div class=\"elementor-column elementor-col-50 elementor-top-column elementor-element elementor-element-35d5baf2\" data-id=\"35d5baf2\" data-element_type=\"column\" data-e-type=\"column\" data-settings=\"{&quot;background_background&quot;:&quot;classic&quot;}\">\n\t\t\t<div class=\"elementor-widget-wrap elementor-element-populated\">\n\t\t\t\t\t\t<div class=\"elementor-element elementor-element-b3796a6 elementor-widget elementor-widget-image\" data-id=\"b3796a6\" data-element_type=\"widget\" data-e-type=\"widget\" data-widget_type=\"image.default\">\n\t\t\t\t<div class=\"elementor-widget-container\">\n\t\t\t\t\t\t\t\t\t\t\t\t\t\t\t<img fetchpriority=\"high\" decoding=\"async\" width=\"800\" height=\"400\" src=\"https:\/\/sophieneck-berlin.de\/wp-content\/uploads\/2020\/05\/Sophienkirche_eingangHamburgerStr.jpg\" class=\"attachment-large size-large wp-image-590\" alt=\"\" srcset=\"https:\/\/sophieneck-berlin.de\/wp-content\/uploads\/2020\/05\/Sophienkirche_eingangHamburgerStr.jpg 800w, https:\/\/sophieneck-berlin.de\/wp-content\/uploads\/2020\/05\/Sophienkirche_eingangHamburgerStr-600x300.jpg 600w, https:\/\/sophieneck-berlin.de\/wp-content\/uploads\/2020\/05\/Sophienkirche_eingangHamburgerStr-300x150.jpg 300w, https:\/\/sophieneck-berlin.de\/wp-content\/uploads\/2020\/05\/Sophienkirche_eingangHamburgerStr-768x384.jpg 768w, https:\/\/sophieneck-berlin.de\/wp-content\/uploads\/2020\/05\/Sophienkirche_eingangHamburgerStr-18x9.jpg 18w, https:\/\/sophieneck-berlin.de\/wp-content\/uploads\/2020\/05\/Sophienkirche_eingangHamburgerStr-400x200.jpg 400w\" sizes=\"(max-width: 800px) 100vw, 800px\" \/>\t\t\t\t\t\t\t\t\t\t\t\t\t\t\t<\/div>\n\t\t\t\t<\/div>\n\t\t\t\t\t<\/div>\n\t\t<\/div>\n\t\t\t\t\t<\/div>\n\t\t<\/section>\n\t\t\t\t<section class=\"elementor-section elementor-top-section elementor-element elementor-element-b0a5e0f elementor-section-boxed elementor-section-height-default elementor-section-height-default\" data-id=\"b0a5e0f\" data-element_type=\"section\" data-e-type=\"section\">\n\t\t\t\t\t\t\t<div class=\"elementor-background-overlay\"><\/div>\n\t\t\t\t\t\t\t<div class=\"elementor-container elementor-column-gap-default\">\n\t\t\t\t\t<div class=\"elementor-column elementor-col-100 elementor-top-column elementor-element elementor-element-60f22a6\" data-id=\"60f22a6\" data-element_type=\"column\" data-e-type=\"column\">\n\t\t\t<div class=\"elementor-widget-wrap elementor-element-populated\">\n\t\t\t\t\t\t<div class=\"elementor-element elementor-element-cbbd498 elementor-widget-divider--view-line elementor-widget elementor-widget-divider\" data-id=\"cbbd498\" data-element_type=\"widget\" data-e-type=\"widget\" data-widget_type=\"divider.default\">\n\t\t\t\t<div class=\"elementor-widget-container\">\n\t\t\t\t\t\t\t<div class=\"elementor-divider\">\n\t\t\t<span class=\"elementor-divider-separator\">\n\t\t\t\t\t\t<\/span>\n\t\t<\/div>\n\t\t\t\t\t\t<\/div>\n\t\t\t\t<\/div>\n\t\t\t\t\t<\/div>\n\t\t<\/div>\n\t\t\t\t\t<\/div>\n\t\t<\/section>\n\t\t\t\t<section class=\"elementor-section elementor-top-section elementor-element elementor-element-82d6dca elementor-section-boxed elementor-section-height-default elementor-section-height-default\" data-id=\"82d6dca\" data-element_type=\"section\" data-e-type=\"section\">\n\t\t\t\t\t\t<div class=\"elementor-container elementor-column-gap-no\">\n\t\t\t\t\t<div class=\"elementor-column elementor-col-50 elementor-top-column elementor-element elementor-element-c3a85ba\" data-id=\"c3a85ba\" data-element_type=\"column\" data-e-type=\"column\">\n\t\t\t<div class=\"elementor-widget-wrap elementor-element-populated\">\n\t\t\t\t\t\t<div class=\"elementor-element elementor-element-df44bba elementor-widget elementor-widget-text-editor\" data-id=\"df44bba\" data-element_type=\"widget\" data-e-type=\"widget\" data-widget_type=\"text-editor.default\">\n\t\t\t\t<div class=\"elementor-widget-container\">\n\t\t\t\t\t\t\t\t\t<h3>J\u00fcdische Knabenschule,<\/h3><div>\u00a0<\/div><p>hier entstand 1863 ein neues Geb\u00e4ude, 1906 entstand die heutige Fassade.<\/p>\t\t\t\t\t\t\t\t<\/div>\n\t\t\t\t<\/div>\n\t\t\t\t\t<\/div>\n\t\t<\/div>\n\t\t\t\t<div class=\"elementor-column elementor-col-50 elementor-top-column elementor-element elementor-element-1bb1f08\" data-id=\"1bb1f08\" data-element_type=\"column\" data-e-type=\"column\" data-settings=\"{&quot;background_background&quot;:&quot;classic&quot;}\">\n\t\t\t<div class=\"elementor-widget-wrap elementor-element-populated\">\n\t\t\t\t\t\t<div class=\"elementor-element elementor-element-f8729ca elementor-widget elementor-widget-image\" data-id=\"f8729ca\" data-element_type=\"widget\" data-e-type=\"widget\" data-widget_type=\"image.default\">\n\t\t\t\t<div class=\"elementor-widget-container\">\n\t\t\t\t\t\t\t\t\t\t\t\t<figure class=\"wp-caption\">\n\t\t\t\t\t\t\t\t\t\t<img decoding=\"async\" width=\"800\" height=\"500\" src=\"https:\/\/sophieneck-berlin.de\/wp-content\/uploads\/2020\/05\/PortalJuedischeKnabenschule.jpg\" class=\"attachment-large size-large wp-image-649\" alt=\"Portal Juedische Knabenschule\" srcset=\"https:\/\/sophieneck-berlin.de\/wp-content\/uploads\/2020\/05\/PortalJuedischeKnabenschule.jpg 800w, https:\/\/sophieneck-berlin.de\/wp-content\/uploads\/2020\/05\/PortalJuedischeKnabenschule-600x375.jpg 600w, https:\/\/sophieneck-berlin.de\/wp-content\/uploads\/2020\/05\/PortalJuedischeKnabenschule-300x188.jpg 300w, https:\/\/sophieneck-berlin.de\/wp-content\/uploads\/2020\/05\/PortalJuedischeKnabenschule-768x480.jpg 768w, https:\/\/sophieneck-berlin.de\/wp-content\/uploads\/2020\/05\/PortalJuedischeKnabenschule-18x12.jpg 18w, https:\/\/sophieneck-berlin.de\/wp-content\/uploads\/2020\/05\/PortalJuedischeKnabenschule-320x200.jpg 320w\" sizes=\"(max-width: 800px) 100vw, 800px\" \/>\t\t\t\t\t\t\t\t\t\t\t<figcaption class=\"widget-image-caption wp-caption-text\">Portal Juedische Knabenschule<\/figcaption>\n\t\t\t\t\t\t\t\t\t\t<\/figure>\n\t\t\t\t\t\t\t\t\t<\/div>\n\t\t\t\t<\/div>\n\t\t\t\t\t<\/div>\n\t\t<\/div>\n\t\t\t\t\t<\/div>\n\t\t<\/section>\n\t\t\t\t<section class=\"elementor-section elementor-top-section elementor-element elementor-element-02e0376 elementor-section-boxed elementor-section-height-default elementor-section-height-default\" data-id=\"02e0376\" data-element_type=\"section\" data-e-type=\"section\">\n\t\t\t\t\t\t\t<div class=\"elementor-background-overlay\"><\/div>\n\t\t\t\t\t\t\t<div class=\"elementor-container elementor-column-gap-default\">\n\t\t\t\t\t<div class=\"elementor-column elementor-col-100 elementor-top-column elementor-element elementor-element-95407c1\" data-id=\"95407c1\" data-element_type=\"column\" data-e-type=\"column\">\n\t\t\t<div class=\"elementor-widget-wrap elementor-element-populated\">\n\t\t\t\t\t\t<div class=\"elementor-element elementor-element-cb28b22 elementor-widget-divider--view-line elementor-widget elementor-widget-divider\" data-id=\"cb28b22\" data-element_type=\"widget\" data-e-type=\"widget\" data-widget_type=\"divider.default\">\n\t\t\t\t<div class=\"elementor-widget-container\">\n\t\t\t\t\t\t\t<div class=\"elementor-divider\">\n\t\t\t<span class=\"elementor-divider-separator\">\n\t\t\t\t\t\t<\/span>\n\t\t<\/div>\n\t\t\t\t\t\t<\/div>\n\t\t\t\t<\/div>\n\t\t\t\t\t<\/div>\n\t\t<\/div>\n\t\t\t\t\t<\/div>\n\t\t<\/section>\n\t\t\t\t<section class=\"elementor-section elementor-top-section elementor-element elementor-element-00e113e elementor-section-boxed elementor-section-height-default elementor-section-height-default\" data-id=\"00e113e\" data-element_type=\"section\" data-e-type=\"section\">\n\t\t\t\t\t\t<div class=\"elementor-container elementor-column-gap-no\">\n\t\t\t\t\t<div class=\"elementor-column elementor-col-50 elementor-top-column elementor-element elementor-element-f1cee63\" data-id=\"f1cee63\" data-element_type=\"column\" data-e-type=\"column\">\n\t\t\t<div class=\"elementor-widget-wrap elementor-element-populated\">\n\t\t\t\t\t\t<div class=\"elementor-element elementor-element-d1ece81 elementor-widget elementor-widget-text-editor\" data-id=\"d1ece81\" data-element_type=\"widget\" data-e-type=\"widget\" data-widget_type=\"text-editor.default\">\n\t\t\t\t<div class=\"elementor-widget-container\">\n\t\t\t\t\t\t\t\t\t<h3>J\u00fcdisches Altersheim,<\/h3>\n<div>&nbsp;<\/div>\n<p>wurde 1829 gegr\u00fcndet, ab 1941 wurde von der Gestapo ein Sammellager im Altersheim eingerichtet, mehr als 50 000 Juden wurden von hier aus in die Deportation und Vernichtung geschickt, 1945 wurde es zerst\u00f6rt.<\/p><p><br><\/p>\n<p>Dieses Mahnmal &#8211; sowie auch das in der Gedenkst\u00e4tte des Frauenkonzentrationslagers Ravensbr\u00fcck \u2013 hat der K\u00fcnstler Willi Lammert geschaffen.<\/p>\t\t\t\t\t\t\t\t<\/div>\n\t\t\t\t<\/div>\n\t\t\t\t<div class=\"elementor-element elementor-element-a713965 elementor-widget elementor-widget-text-editor\" data-id=\"a713965\" data-element_type=\"widget\" data-e-type=\"widget\" data-widget_type=\"text-editor.default\">\n\t\t\t\t<div class=\"elementor-widget-container\">\n\t\t\t\t\t\t\t\t\t<h3>J\u00fcdischer Friedhof,<\/h3>\n<div>&nbsp;<\/div>\n<p>\u00e4ltester, nachweisbarer Friedhof der Juden in und bei Berlin, 12000 Menschen wurden hier von 1672 &#8211; 1827 beigesetzt. 1943 wurden auf Anweisung der Gestapo Splittergr\u00e4ben gezogen und diese St\u00e4tte zerst\u00f6rt. 1945 wurden nochmals Tote beerdigt, 2500 Menschen, Kriegsopfer aus umliegenden Stra\u00dfen. <br><\/p><p><br><\/p><p>1786 wurde Moses Mendelsohn hier beerdigt<\/p>\n<div><br><\/div><div><br><\/div>\t\t\t\t\t\t\t\t<\/div>\n\t\t\t\t<\/div>\n\t\t\t\t<section class=\"elementor-section elementor-inner-section elementor-element elementor-element-a1bb7c8 elementor-section-boxed elementor-section-height-default elementor-section-height-default\" data-id=\"a1bb7c8\" data-element_type=\"section\" data-e-type=\"section\">\n\t\t\t\t\t\t<div class=\"elementor-container elementor-column-gap-default\">\n\t\t\t\t\t<div class=\"elementor-column elementor-col-50 elementor-inner-column elementor-element elementor-element-f2a3b9f\" data-id=\"f2a3b9f\" data-element_type=\"column\" data-e-type=\"column\">\n\t\t\t<div class=\"elementor-widget-wrap elementor-element-populated\">\n\t\t\t\t\t\t<div class=\"elementor-element elementor-element-b069d7a elementor-widget elementor-widget-image\" data-id=\"b069d7a\" data-element_type=\"widget\" data-e-type=\"widget\" data-widget_type=\"image.default\">\n\t\t\t\t<div class=\"elementor-widget-container\">\n\t\t\t\t\t\t\t\t\t\t\t\t\t\t\t<img decoding=\"async\" width=\"768\" height=\"480\" src=\"https:\/\/sophieneck-berlin.de\/wp-content\/uploads\/2020\/05\/Grabsteine-768x480.jpg\" class=\"attachment-medium_large size-medium_large wp-image-651\" alt=\"Grabsteine von Juedischen Friedhof Gro\u00dfe Hamburger Strasse\" srcset=\"https:\/\/sophieneck-berlin.de\/wp-content\/uploads\/2020\/05\/Grabsteine-768x480.jpg 768w, https:\/\/sophieneck-berlin.de\/wp-content\/uploads\/2020\/05\/Grabsteine-600x375.jpg 600w, https:\/\/sophieneck-berlin.de\/wp-content\/uploads\/2020\/05\/Grabsteine-300x188.jpg 300w, https:\/\/sophieneck-berlin.de\/wp-content\/uploads\/2020\/05\/Grabsteine-18x12.jpg 18w, https:\/\/sophieneck-berlin.de\/wp-content\/uploads\/2020\/05\/Grabsteine-320x200.jpg 320w, https:\/\/sophieneck-berlin.de\/wp-content\/uploads\/2020\/05\/Grabsteine.jpg 800w\" sizes=\"(max-width: 768px) 100vw, 768px\" \/>\t\t\t\t\t\t\t\t\t\t\t\t\t\t\t<\/div>\n\t\t\t\t<\/div>\n\t\t\t\t\t<\/div>\n\t\t<\/div>\n\t\t\t\t<div class=\"elementor-column elementor-col-50 elementor-inner-column elementor-element elementor-element-1503a75\" data-id=\"1503a75\" data-element_type=\"column\" data-e-type=\"column\">\n\t\t\t<div class=\"elementor-widget-wrap elementor-element-populated\">\n\t\t\t\t\t\t<div class=\"elementor-element elementor-element-8b60901 elementor-widget elementor-widget-image\" data-id=\"8b60901\" data-element_type=\"widget\" data-e-type=\"widget\" data-widget_type=\"image.default\">\n\t\t\t\t<div class=\"elementor-widget-container\">\n\t\t\t\t\t\t\t\t\t\t\t\t\t\t\t<img loading=\"lazy\" decoding=\"async\" width=\"800\" height=\"500\" src=\"https:\/\/sophieneck-berlin.de\/wp-content\/uploads\/2020\/05\/MahnmalWilliLammert.jpg\" class=\"attachment-large size-large wp-image-653\" alt=\"Mahnmal Will Lammert\" srcset=\"https:\/\/sophieneck-berlin.de\/wp-content\/uploads\/2020\/05\/MahnmalWilliLammert.jpg 800w, https:\/\/sophieneck-berlin.de\/wp-content\/uploads\/2020\/05\/MahnmalWilliLammert-600x375.jpg 600w, https:\/\/sophieneck-berlin.de\/wp-content\/uploads\/2020\/05\/MahnmalWilliLammert-300x188.jpg 300w, https:\/\/sophieneck-berlin.de\/wp-content\/uploads\/2020\/05\/MahnmalWilliLammert-768x480.jpg 768w, https:\/\/sophieneck-berlin.de\/wp-content\/uploads\/2020\/05\/MahnmalWilliLammert-18x12.jpg 18w, https:\/\/sophieneck-berlin.de\/wp-content\/uploads\/2020\/05\/MahnmalWilliLammert-320x200.jpg 320w\" sizes=\"(max-width: 800px) 100vw, 800px\" \/>\t\t\t\t\t\t\t\t\t\t\t\t\t\t\t<\/div>\n\t\t\t\t<\/div>\n\t\t\t\t\t<\/div>\n\t\t<\/div>\n\t\t\t\t\t<\/div>\n\t\t<\/section>\n\t\t\t\t\t<\/div>\n\t\t<\/div>\n\t\t\t\t<div class=\"elementor-column elementor-col-50 elementor-top-column elementor-element elementor-element-a7a9a33\" data-id=\"a7a9a33\" data-element_type=\"column\" data-e-type=\"column\" data-settings=\"{&quot;background_background&quot;:&quot;classic&quot;}\">\n\t\t\t<div class=\"elementor-widget-wrap elementor-element-populated\">\n\t\t\t\t\t\t<div class=\"elementor-element elementor-element-cf76844 elementor-widget elementor-widget-image\" data-id=\"cf76844\" data-element_type=\"widget\" data-e-type=\"widget\" data-widget_type=\"image.default\">\n\t\t\t\t<div class=\"elementor-widget-container\">\n\t\t\t\t\t\t\t\t\t\t\t\t<figure class=\"wp-caption\">\n\t\t\t\t\t\t\t\t\t\t<img loading=\"lazy\" decoding=\"async\" width=\"800\" height=\"200\" src=\"https:\/\/sophieneck-berlin.de\/wp-content\/uploads\/2020\/05\/JuedischeGedaenkstaetteGrosseHamburgerStr.jpg\" class=\"attachment-large size-large wp-image-648\" alt=\"Juedische Gedaenkstaette Grosse HamburgerStr\" srcset=\"https:\/\/sophieneck-berlin.de\/wp-content\/uploads\/2020\/05\/JuedischeGedaenkstaetteGrosseHamburgerStr.jpg 800w, https:\/\/sophieneck-berlin.de\/wp-content\/uploads\/2020\/05\/JuedischeGedaenkstaetteGrosseHamburgerStr-600x150.jpg 600w, https:\/\/sophieneck-berlin.de\/wp-content\/uploads\/2020\/05\/JuedischeGedaenkstaetteGrosseHamburgerStr-300x75.jpg 300w, https:\/\/sophieneck-berlin.de\/wp-content\/uploads\/2020\/05\/JuedischeGedaenkstaetteGrosseHamburgerStr-768x192.jpg 768w, https:\/\/sophieneck-berlin.de\/wp-content\/uploads\/2020\/05\/JuedischeGedaenkstaetteGrosseHamburgerStr-18x5.jpg 18w\" sizes=\"(max-width: 800px) 100vw, 800px\" \/>\t\t\t\t\t\t\t\t\t\t\t<figcaption class=\"widget-image-caption wp-caption-text\">Juedische Gedaenkstaette Grosse HamburgerStr<\/figcaption>\n\t\t\t\t\t\t\t\t\t\t<\/figure>\n\t\t\t\t\t\t\t\t\t<\/div>\n\t\t\t\t<\/div>\n\t\t\t\t<div class=\"elementor-element elementor-element-9eb3cce elementor-widget elementor-widget-image\" data-id=\"9eb3cce\" data-element_type=\"widget\" data-e-type=\"widget\" data-widget_type=\"image.default\">\n\t\t\t\t<div class=\"elementor-widget-container\">\n\t\t\t\t\t\t\t\t\t\t\t\t<figure class=\"wp-caption\">\n\t\t\t\t\t\t\t\t\t\t<img loading=\"lazy\" decoding=\"async\" width=\"800\" height=\"500\" src=\"https:\/\/sophieneck-berlin.de\/wp-content\/uploads\/2020\/05\/DeportierteJuedischeBewohnerNamen.jpg\" class=\"attachment-large size-large wp-image-650\" alt=\"Deportierte Juedische Bewohner, Namen\" srcset=\"https:\/\/sophieneck-berlin.de\/wp-content\/uploads\/2020\/05\/DeportierteJuedischeBewohnerNamen.jpg 800w, https:\/\/sophieneck-berlin.de\/wp-content\/uploads\/2020\/05\/DeportierteJuedischeBewohnerNamen-600x375.jpg 600w, https:\/\/sophieneck-berlin.de\/wp-content\/uploads\/2020\/05\/DeportierteJuedischeBewohnerNamen-300x188.jpg 300w, https:\/\/sophieneck-berlin.de\/wp-content\/uploads\/2020\/05\/DeportierteJuedischeBewohnerNamen-768x480.jpg 768w, https:\/\/sophieneck-berlin.de\/wp-content\/uploads\/2020\/05\/DeportierteJuedischeBewohnerNamen-18x12.jpg 18w, https:\/\/sophieneck-berlin.de\/wp-content\/uploads\/2020\/05\/DeportierteJuedischeBewohnerNamen-320x200.jpg 320w\" sizes=\"(max-width: 800px) 100vw, 800px\" \/>\t\t\t\t\t\t\t\t\t\t\t<figcaption class=\"widget-image-caption wp-caption-text\">Deportierte Juedische Bewohner, Namen<\/figcaption>\n\t\t\t\t\t\t\t\t\t\t<\/figure>\n\t\t\t\t\t\t\t\t\t<\/div>\n\t\t\t\t<\/div>\n\t\t\t\t<div class=\"elementor-element elementor-element-873e117 elementor-widget elementor-widget-text-editor\" data-id=\"873e117\" data-element_type=\"widget\" data-e-type=\"widget\" data-widget_type=\"text-editor.default\">\n\t\t\t\t<div class=\"elementor-widget-container\">\n\t\t\t\t\t\t\t\t\t<p>Gegen\u00fcber dem Mahnmal gibt es eine H\u00e4userl\u00fccke an deren Giebel die Namen deportierter j\u00fcdischer Bewohner des Viertels benannt werden.<\/p>\t\t\t\t\t\t\t\t<\/div>\n\t\t\t\t<\/div>\n\t\t\t\t\t<\/div>\n\t\t<\/div>\n\t\t\t\t\t<\/div>\n\t\t<\/section>\n\t\t\t\t<section class=\"elementor-section elementor-top-section elementor-element elementor-element-e50ceab elementor-section-boxed elementor-section-height-default elementor-section-height-default\" data-id=\"e50ceab\" data-element_type=\"section\" data-e-type=\"section\">\n\t\t\t\t\t\t\t<div class=\"elementor-background-overlay\"><\/div>\n\t\t\t\t\t\t\t<div class=\"elementor-container elementor-column-gap-default\">\n\t\t\t\t\t<div class=\"elementor-column elementor-col-100 elementor-top-column elementor-element elementor-element-37f7f62\" data-id=\"37f7f62\" data-element_type=\"column\" data-e-type=\"column\">\n\t\t\t<div class=\"elementor-widget-wrap elementor-element-populated\">\n\t\t\t\t\t\t<div class=\"elementor-element elementor-element-27c97d5 elementor-widget-divider--view-line elementor-widget elementor-widget-divider\" data-id=\"27c97d5\" data-element_type=\"widget\" data-e-type=\"widget\" data-widget_type=\"divider.default\">\n\t\t\t\t<div class=\"elementor-widget-container\">\n\t\t\t\t\t\t\t<div class=\"elementor-divider\">\n\t\t\t<span class=\"elementor-divider-separator\">\n\t\t\t\t\t\t<\/span>\n\t\t<\/div>\n\t\t\t\t\t\t<\/div>\n\t\t\t\t<\/div>\n\t\t\t\t\t<\/div>\n\t\t<\/div>\n\t\t\t\t\t<\/div>\n\t\t<\/section>\n\t\t\t\t<section class=\"elementor-section elementor-top-section elementor-element elementor-element-27dce03 elementor-section-boxed elementor-section-height-default elementor-section-height-default\" data-id=\"27dce03\" data-element_type=\"section\" data-e-type=\"section\">\n\t\t\t\t\t\t\t<div class=\"elementor-background-overlay\"><\/div>\n\t\t\t\t\t\t\t<div class=\"elementor-container elementor-column-gap-default\">\n\t\t\t\t\t<div class=\"elementor-column elementor-col-100 elementor-top-column elementor-element elementor-element-35ddc21\" data-id=\"35ddc21\" data-element_type=\"column\" data-e-type=\"column\">\n\t\t\t<div class=\"elementor-widget-wrap elementor-element-populated\">\n\t\t\t\t\t\t<div class=\"elementor-element elementor-element-23bdeeb elementor-invisible elementor-widget elementor-widget-heading\" data-id=\"23bdeeb\" data-element_type=\"widget\" data-e-type=\"widget\" data-settings=\"{&quot;_animation&quot;:&quot;fadeInLeft&quot;}\" data-widget_type=\"heading.default\">\n\t\t\t\t<div class=\"elementor-widget-container\">\n\t\t\t\t\t<h2 class=\"elementor-heading-title elementor-size-default\">Der Koppenplatz<\/h2>\t\t\t\t<\/div>\n\t\t\t\t<\/div>\n\t\t\t\t<div class=\"elementor-element elementor-element-f58fe61 elementor-widget elementor-widget-text-editor\" data-id=\"f58fe61\" data-element_type=\"widget\" data-e-type=\"widget\" data-widget_type=\"text-editor.default\">\n\t\t\t\t<div class=\"elementor-widget-container\">\n\t\t\t\t\t\t\t\t\t<p>er liegt am n\u00f6rdlichem Ende der Gro\u00dfen Hamburger Stra\u00dfe<\/p>\t\t\t\t\t\t\t\t<\/div>\n\t\t\t\t<\/div>\n\t\t\t\t<div class=\"elementor-element elementor-element-a914289 elementor-widget-divider--view-line elementor-widget elementor-widget-divider\" data-id=\"a914289\" data-element_type=\"widget\" data-e-type=\"widget\" data-widget_type=\"divider.default\">\n\t\t\t\t<div class=\"elementor-widget-container\">\n\t\t\t\t\t\t\t<div class=\"elementor-divider\">\n\t\t\t<span class=\"elementor-divider-separator\">\n\t\t\t\t\t\t<\/span>\n\t\t<\/div>\n\t\t\t\t\t\t<\/div>\n\t\t\t\t<\/div>\n\t\t\t\t\t<\/div>\n\t\t<\/div>\n\t\t\t\t\t<\/div>\n\t\t<\/section>\n\t\t\t\t<section class=\"elementor-section elementor-top-section elementor-element elementor-element-e172523 elementor-section-boxed elementor-section-height-default elementor-section-height-default\" data-id=\"e172523\" data-element_type=\"section\" data-e-type=\"section\">\n\t\t\t\t\t\t<div class=\"elementor-container elementor-column-gap-no\">\n\t\t\t\t\t<div class=\"elementor-column elementor-col-50 elementor-top-column elementor-element elementor-element-e324910\" data-id=\"e324910\" data-element_type=\"column\" data-e-type=\"column\">\n\t\t\t<div class=\"elementor-widget-wrap elementor-element-populated\">\n\t\t\t\t\t\t<div class=\"elementor-element elementor-element-1c104f7 elementor-widget elementor-widget-text-editor\" data-id=\"1c104f7\" data-element_type=\"widget\" data-e-type=\"widget\" data-widget_type=\"text-editor.default\">\n\t\t\t\t<div class=\"elementor-widget-container\">\n\t\t\t\t\t\t\t\t\t<h3>Koppenplatz,<\/h3>\n<div>&nbsp;<\/div>\n<p>hier, quer \u00fcber der Gro\u00dfen Hamburger Stra\u00dfe stand das Armenhospital, dahinter der Armenfriedhof, Stadthauptmann Koppe hatte hier 1696 Lande erworben, 1705 stiftete er den Friedhof, 1708 dann ein Hospital. Dieses stand am Ende der Gro\u00dfen Hamburger Stra\u00dfe, deshalb der Knick und die Weiterf\u00fchrung der Stra\u00dfe durch die Kleine Hamburger Stra\u00dfe zum Stadttor. <br><\/p><p><br><\/p><p>Koppe starb 1721, 1755 stiftet die Stadt sein Grabdenkmal, das errichtet St\u00fcler, es ist wohl das einzige Stra\u00dfengrab au\u00dferhalb Italiens.<\/p>\t\t\t\t\t\t\t\t<\/div>\n\t\t\t\t<\/div>\n\t\t\t\t<div class=\"elementor-element elementor-element-d36c73f elementor-widget elementor-widget-image\" data-id=\"d36c73f\" data-element_type=\"widget\" data-e-type=\"widget\" data-widget_type=\"image.default\">\n\t\t\t\t<div class=\"elementor-widget-container\">\n\t\t\t\t\t\t\t\t\t\t\t\t\t\t\t<img loading=\"lazy\" decoding=\"async\" width=\"768\" height=\"384\" src=\"https:\/\/sophieneck-berlin.de\/wp-content\/uploads\/2020\/05\/KoppenGrab-768x384.jpg\" class=\"attachment-medium_large size-medium_large wp-image-660\" alt=\"Koppen Grab\" srcset=\"https:\/\/sophieneck-berlin.de\/wp-content\/uploads\/2020\/05\/KoppenGrab-768x384.jpg 768w, https:\/\/sophieneck-berlin.de\/wp-content\/uploads\/2020\/05\/KoppenGrab-600x300.jpg 600w, https:\/\/sophieneck-berlin.de\/wp-content\/uploads\/2020\/05\/KoppenGrab-300x150.jpg 300w, https:\/\/sophieneck-berlin.de\/wp-content\/uploads\/2020\/05\/KoppenGrab-18x9.jpg 18w, https:\/\/sophieneck-berlin.de\/wp-content\/uploads\/2020\/05\/KoppenGrab-400x200.jpg 400w, https:\/\/sophieneck-berlin.de\/wp-content\/uploads\/2020\/05\/KoppenGrab.jpg 800w\" sizes=\"(max-width: 768px) 100vw, 768px\" \/>\t\t\t\t\t\t\t\t\t\t\t\t\t\t\t<\/div>\n\t\t\t\t<\/div>\n\t\t\t\t\t<\/div>\n\t\t<\/div>\n\t\t\t\t<div class=\"elementor-column elementor-col-50 elementor-top-column elementor-element elementor-element-05d37b5\" data-id=\"05d37b5\" data-element_type=\"column\" data-e-type=\"column\" data-settings=\"{&quot;background_background&quot;:&quot;classic&quot;}\">\n\t\t\t<div class=\"elementor-widget-wrap elementor-element-populated\">\n\t\t\t\t\t\t<div class=\"elementor-element elementor-element-e1c97ec elementor-widget elementor-widget-image\" data-id=\"e1c97ec\" data-element_type=\"widget\" data-e-type=\"widget\" data-widget_type=\"image.default\">\n\t\t\t\t<div class=\"elementor-widget-container\">\n\t\t\t\t\t\t\t\t\t\t\t\t<figure class=\"wp-caption\">\n\t\t\t\t\t\t\t\t\t\t<img loading=\"lazy\" decoding=\"async\" width=\"800\" height=\"400\" src=\"https:\/\/sophieneck-berlin.de\/wp-content\/uploads\/2020\/05\/KoppenplatzDenkmal.jpg\" class=\"attachment-large size-large wp-image-656\" alt=\"Koppenplatz Denkmal\" srcset=\"https:\/\/sophieneck-berlin.de\/wp-content\/uploads\/2020\/05\/KoppenplatzDenkmal.jpg 800w, https:\/\/sophieneck-berlin.de\/wp-content\/uploads\/2020\/05\/elementor\/thumbs\/KoppenplatzDenkmal-oq152h4w836lgthxmp64kl15wmgs2zmam020ahnhko.jpg 600w, https:\/\/sophieneck-berlin.de\/wp-content\/uploads\/2020\/05\/KoppenplatzDenkmal-300x150.jpg 300w, https:\/\/sophieneck-berlin.de\/wp-content\/uploads\/2020\/05\/KoppenplatzDenkmal-768x384.jpg 768w, https:\/\/sophieneck-berlin.de\/wp-content\/uploads\/2020\/05\/KoppenplatzDenkmal-18x9.jpg 18w, https:\/\/sophieneck-berlin.de\/wp-content\/uploads\/2020\/05\/KoppenplatzDenkmal-400x200.jpg 400w\" sizes=\"(max-width: 800px) 100vw, 800px\" \/>\t\t\t\t\t\t\t\t\t\t\t<figcaption class=\"widget-image-caption wp-caption-text\">Koppenplatz Denkmal \"Der verlassene Raum\" von Karl Biedermann<\/figcaption>\n\t\t\t\t\t\t\t\t\t\t<\/figure>\n\t\t\t\t\t\t\t\t\t<\/div>\n\t\t\t\t<\/div>\n\t\t\t\t\t<\/div>\n\t\t<\/div>\n\t\t\t\t\t<\/div>\n\t\t<\/section>\n\t\t\t\t<section class=\"elementor-section elementor-top-section elementor-element elementor-element-b5b409f elementor-section-boxed elementor-section-height-default elementor-section-height-default\" data-id=\"b5b409f\" data-element_type=\"section\" data-e-type=\"section\">\n\t\t\t\t\t\t\t<div class=\"elementor-background-overlay\"><\/div>\n\t\t\t\t\t\t\t<div class=\"elementor-container elementor-column-gap-default\">\n\t\t\t\t\t<div class=\"elementor-column elementor-col-100 elementor-top-column elementor-element elementor-element-73e5d53\" data-id=\"73e5d53\" data-element_type=\"column\" data-e-type=\"column\">\n\t\t\t<div class=\"elementor-widget-wrap elementor-element-populated\">\n\t\t\t\t\t\t<div class=\"elementor-element elementor-element-bb94d0b elementor-widget-divider--view-line elementor-widget elementor-widget-divider\" data-id=\"bb94d0b\" data-element_type=\"widget\" data-e-type=\"widget\" data-widget_type=\"divider.default\">\n\t\t\t\t<div class=\"elementor-widget-container\">\n\t\t\t\t\t\t\t<div class=\"elementor-divider\">\n\t\t\t<span class=\"elementor-divider-separator\">\n\t\t\t\t\t\t<\/span>\n\t\t<\/div>\n\t\t\t\t\t\t<\/div>\n\t\t\t\t<\/div>\n\t\t\t\t\t<\/div>\n\t\t<\/div>\n\t\t\t\t\t<\/div>\n\t\t<\/section>\n\t\t\t\t<section class=\"elementor-section elementor-top-section elementor-element elementor-element-8d95de2 elementor-section-boxed elementor-section-height-default elementor-section-height-default\" data-id=\"8d95de2\" data-element_type=\"section\" data-e-type=\"section\">\n\t\t\t\t\t\t<div class=\"elementor-container elementor-column-gap-no\">\n\t\t\t\t\t<div class=\"elementor-column elementor-col-50 elementor-top-column elementor-element elementor-element-8dce428\" data-id=\"8dce428\" data-element_type=\"column\" data-e-type=\"column\">\n\t\t\t<div class=\"elementor-widget-wrap elementor-element-populated\">\n\t\t\t\t\t\t<div class=\"elementor-element elementor-element-f933ad3 elementor-widget elementor-widget-text-editor\" data-id=\"f933ad3\" data-element_type=\"widget\" data-e-type=\"widget\" data-widget_type=\"text-editor.default\">\n\t\t\t\t<div class=\"elementor-widget-container\">\n\t\t\t\t\t\t\t\t\t<h3>Schule von L. Hoffmann,<\/h3><div>\u00a0<\/div><p>1902 &#8211; 1907 erbaut, typisch f\u00fcr seine Schulbauten sind der Uhrenturm und viel am Bau befindliche Tiere. Heute wird dieses Geb\u00e4ude durch Theatergruppen genutzt.<\/p>\t\t\t\t\t\t\t\t<\/div>\n\t\t\t\t<\/div>\n\t\t\t\t<div class=\"elementor-element elementor-element-2a9f7a6 elementor-widget elementor-widget-text-editor\" data-id=\"2a9f7a6\" data-element_type=\"widget\" data-e-type=\"widget\" data-widget_type=\"text-editor.default\">\n\t\t\t\t<div class=\"elementor-widget-container\">\n\t\t\t\t\t\t\t\t\t<h3>Hollmannsche Stiftung,<\/h3><div>\u00a0<\/div><p>gleich dahinter gelegen, sie wurde erbaut um 1850 f\u00fcr Witwen und T\u00f6chter h\u00f6herer Beamter erbaut.<\/p>\t\t\t\t\t\t\t\t<\/div>\n\t\t\t\t<\/div>\n\t\t\t\t<div class=\"elementor-element elementor-element-273da09 elementor-widget elementor-widget-image\" data-id=\"273da09\" data-element_type=\"widget\" data-e-type=\"widget\" data-widget_type=\"image.default\">\n\t\t\t\t<div class=\"elementor-widget-container\">\n\t\t\t\t\t\t\t\t\t\t\t\t\t\t\t<img loading=\"lazy\" decoding=\"async\" width=\"300\" height=\"200\" src=\"https:\/\/sophieneck-berlin.de\/wp-content\/uploads\/2020\/05\/HollmannStiftingEingang-300x200.jpg\" class=\"attachment-medium size-medium wp-image-663\" alt=\"Hollmann Stiftung Eingang Koppenplatz\" srcset=\"https:\/\/sophieneck-berlin.de\/wp-content\/uploads\/2020\/05\/HollmannStiftingEingang-300x200.jpg 300w, https:\/\/sophieneck-berlin.de\/wp-content\/uploads\/2020\/05\/HollmannStiftingEingang-18x12.jpg 18w, https:\/\/sophieneck-berlin.de\/wp-content\/uploads\/2020\/05\/HollmannStiftingEingang.jpg 600w\" sizes=\"(max-width: 300px) 100vw, 300px\" \/>\t\t\t\t\t\t\t\t\t\t\t\t\t\t\t<\/div>\n\t\t\t\t<\/div>\n\t\t\t\t\t<\/div>\n\t\t<\/div>\n\t\t\t\t<div class=\"elementor-column elementor-col-50 elementor-top-column elementor-element elementor-element-7c6b684\" data-id=\"7c6b684\" data-element_type=\"column\" data-e-type=\"column\" data-settings=\"{&quot;background_background&quot;:&quot;classic&quot;}\">\n\t\t\t<div class=\"elementor-widget-wrap elementor-element-populated\">\n\t\t\t\t\t\t<div class=\"elementor-element elementor-element-0c52065 elementor-widget elementor-widget-image\" data-id=\"0c52065\" data-element_type=\"widget\" data-e-type=\"widget\" data-widget_type=\"image.default\">\n\t\t\t\t<div class=\"elementor-widget-container\">\n\t\t\t\t\t\t\t\t\t\t\t\t\t\t\t<img loading=\"lazy\" decoding=\"async\" width=\"800\" height=\"400\" src=\"https:\/\/sophieneck-berlin.de\/wp-content\/uploads\/2020\/05\/SchuleKoppenplatz.jpg\" class=\"attachment-large size-large wp-image-661\" alt=\"Schule Koppenplatz\" srcset=\"https:\/\/sophieneck-berlin.de\/wp-content\/uploads\/2020\/05\/SchuleKoppenplatz.jpg 800w, https:\/\/sophieneck-berlin.de\/wp-content\/uploads\/2020\/05\/SchuleKoppenplatz-600x300.jpg 600w, https:\/\/sophieneck-berlin.de\/wp-content\/uploads\/2020\/05\/SchuleKoppenplatz-300x150.jpg 300w, https:\/\/sophieneck-berlin.de\/wp-content\/uploads\/2020\/05\/SchuleKoppenplatz-768x384.jpg 768w, https:\/\/sophieneck-berlin.de\/wp-content\/uploads\/2020\/05\/SchuleKoppenplatz-18x9.jpg 18w, https:\/\/sophieneck-berlin.de\/wp-content\/uploads\/2020\/05\/SchuleKoppenplatz-400x200.jpg 400w\" sizes=\"(max-width: 800px) 100vw, 800px\" \/>\t\t\t\t\t\t\t\t\t\t\t\t\t\t\t<\/div>\n\t\t\t\t<\/div>\n\t\t\t\t<div class=\"elementor-element elementor-element-6d59167 elementor-widget elementor-widget-image\" data-id=\"6d59167\" data-element_type=\"widget\" data-e-type=\"widget\" data-widget_type=\"image.default\">\n\t\t\t\t<div class=\"elementor-widget-container\">\n\t\t\t\t\t\t\t\t\t\t\t\t\t\t\t<img loading=\"lazy\" decoding=\"async\" width=\"800\" height=\"400\" src=\"https:\/\/sophieneck-berlin.de\/wp-content\/uploads\/2020\/05\/HollmannStifting.jpg\" class=\"attachment-large size-large wp-image-662\" alt=\"Hollmann Stiftung Koppenplatz\" srcset=\"https:\/\/sophieneck-berlin.de\/wp-content\/uploads\/2020\/05\/HollmannStifting.jpg 800w, https:\/\/sophieneck-berlin.de\/wp-content\/uploads\/2020\/05\/HollmannStifting-600x300.jpg 600w, https:\/\/sophieneck-berlin.de\/wp-content\/uploads\/2020\/05\/HollmannStifting-300x150.jpg 300w, https:\/\/sophieneck-berlin.de\/wp-content\/uploads\/2020\/05\/HollmannStifting-768x384.jpg 768w, https:\/\/sophieneck-berlin.de\/wp-content\/uploads\/2020\/05\/HollmannStifting-18x9.jpg 18w, https:\/\/sophieneck-berlin.de\/wp-content\/uploads\/2020\/05\/HollmannStifting-400x200.jpg 400w\" sizes=\"(max-width: 800px) 100vw, 800px\" \/>\t\t\t\t\t\t\t\t\t\t\t\t\t\t\t<\/div>\n\t\t\t\t<\/div>\n\t\t\t\t\t<\/div>\n\t\t<\/div>\n\t\t\t\t\t<\/div>\n\t\t<\/section>\n\t\t\t\t<section class=\"elementor-section elementor-top-section elementor-element elementor-element-8e58633 elementor-section-boxed elementor-section-height-default elementor-section-height-default\" data-id=\"8e58633\" data-element_type=\"section\" data-e-type=\"section\">\n\t\t\t\t\t\t\t<div class=\"elementor-background-overlay\"><\/div>\n\t\t\t\t\t\t\t<div class=\"elementor-container elementor-column-gap-default\">\n\t\t\t\t\t<div class=\"elementor-column elementor-col-100 elementor-top-column elementor-element elementor-element-8455970\" data-id=\"8455970\" data-element_type=\"column\" data-e-type=\"column\">\n\t\t\t<div class=\"elementor-widget-wrap elementor-element-populated\">\n\t\t\t\t\t\t<div class=\"elementor-element elementor-element-53c1126 elementor-widget-divider--view-line elementor-widget elementor-widget-divider\" data-id=\"53c1126\" data-element_type=\"widget\" data-e-type=\"widget\" data-widget_type=\"divider.default\">\n\t\t\t\t<div class=\"elementor-widget-container\">\n\t\t\t\t\t\t\t<div class=\"elementor-divider\">\n\t\t\t<span class=\"elementor-divider-separator\">\n\t\t\t\t\t\t<\/span>\n\t\t<\/div>\n\t\t\t\t\t\t<\/div>\n\t\t\t\t<\/div>\n\t\t\t\t\t<\/div>\n\t\t<\/div>\n\t\t\t\t\t<\/div>\n\t\t<\/section>\n\t\t\t\t<section class=\"elementor-section elementor-top-section elementor-element elementor-element-01d28ee elementor-section-boxed elementor-section-height-default elementor-section-height-default\" data-id=\"01d28ee\" data-element_type=\"section\" data-e-type=\"section\">\n\t\t\t\t\t\t\t<div class=\"elementor-background-overlay\"><\/div>\n\t\t\t\t\t\t\t<div class=\"elementor-container elementor-column-gap-default\">\n\t\t\t\t\t<div class=\"elementor-column elementor-col-100 elementor-top-column elementor-element elementor-element-55fcb3b\" data-id=\"55fcb3b\" data-element_type=\"column\" data-e-type=\"column\">\n\t\t\t<div class=\"elementor-widget-wrap elementor-element-populated\">\n\t\t\t\t\t\t<div class=\"elementor-element elementor-element-cfeffbe elementor-invisible elementor-widget elementor-widget-heading\" data-id=\"cfeffbe\" data-element_type=\"widget\" data-e-type=\"widget\" data-settings=\"{&quot;_animation&quot;:&quot;fadeInLeft&quot;}\" data-widget_type=\"heading.default\">\n\t\t\t\t<div class=\"elementor-widget-container\">\n\t\t\t\t\t<h2 class=\"elementor-heading-title elementor-size-default\">Die Oranienburger Strasse<\/h2>\t\t\t\t<\/div>\n\t\t\t\t<\/div>\n\t\t\t\t<div class=\"elementor-element elementor-element-9fd6906 elementor-widget elementor-widget-text-editor\" data-id=\"9fd6906\" data-element_type=\"widget\" data-e-type=\"widget\" data-widget_type=\"text-editor.default\">\n\t\t\t\t<div class=\"elementor-widget-container\">\n\t\t\t\t\t\t\t\t\t<p>eine ehemalige Handelsstrasse durch die Feldmark in Richtung Oranienburg, sie wurde als Heeresweg angelegt, deshalb ihre Gr\u00f6\u00dfe.<\/p>\t\t\t\t\t\t\t\t<\/div>\n\t\t\t\t<\/div>\n\t\t\t\t\t<\/div>\n\t\t<\/div>\n\t\t\t\t\t<\/div>\n\t\t<\/section>\n\t\t\t\t<section class=\"elementor-section elementor-top-section elementor-element elementor-element-1960c32 elementor-section-boxed elementor-section-height-default elementor-section-height-default\" data-id=\"1960c32\" data-element_type=\"section\" data-e-type=\"section\">\n\t\t\t\t\t\t\t<div class=\"elementor-background-overlay\"><\/div>\n\t\t\t\t\t\t\t<div class=\"elementor-container elementor-column-gap-default\">\n\t\t\t\t\t<div class=\"elementor-column elementor-col-100 elementor-top-column elementor-element elementor-element-8e24d00\" data-id=\"8e24d00\" data-element_type=\"column\" data-e-type=\"column\">\n\t\t\t<div class=\"elementor-widget-wrap elementor-element-populated\">\n\t\t\t\t\t\t<div class=\"elementor-element elementor-element-032d91c elementor-widget-divider--view-line elementor-widget elementor-widget-divider\" data-id=\"032d91c\" data-element_type=\"widget\" data-e-type=\"widget\" data-widget_type=\"divider.default\">\n\t\t\t\t<div class=\"elementor-widget-container\">\n\t\t\t\t\t\t\t<div class=\"elementor-divider\">\n\t\t\t<span class=\"elementor-divider-separator\">\n\t\t\t\t\t\t<\/span>\n\t\t<\/div>\n\t\t\t\t\t\t<\/div>\n\t\t\t\t<\/div>\n\t\t\t\t\t<\/div>\n\t\t<\/div>\n\t\t\t\t\t<\/div>\n\t\t<\/section>\n\t\t\t\t<section class=\"elementor-section elementor-top-section elementor-element elementor-element-35b0234 elementor-section-boxed elementor-section-height-default elementor-section-height-default\" data-id=\"35b0234\" data-element_type=\"section\" data-e-type=\"section\">\n\t\t\t\t\t\t<div class=\"elementor-container elementor-column-gap-no\">\n\t\t\t\t\t<div class=\"elementor-column elementor-col-50 elementor-top-column elementor-element elementor-element-9ce4eea\" data-id=\"9ce4eea\" data-element_type=\"column\" data-e-type=\"column\">\n\t\t\t<div class=\"elementor-widget-wrap elementor-element-populated\">\n\t\t\t\t\t\t<div class=\"elementor-element elementor-element-e985f93 elementor-widget elementor-widget-text-editor\" data-id=\"e985f93\" data-element_type=\"widget\" data-e-type=\"widget\" data-widget_type=\"text-editor.default\">\n\t\t\t\t<div class=\"elementor-widget-container\">\n\t\t\t\t\t\t\t\t\t<h3>Schloss Monbijou, Monbijou-Park<\/h3><div>\u00a0<\/div><p>was &#8222;&#8230;mein Kleinod&#8220; bedeutet. In der Mitte des 17 Jahrhunderts lag hier der kurf\u00fcrstliche Garten, nach weiteren Umbauten galt es 1717 als sch\u00f6nstes Schloss der Residenz, nach Kriegstreffern wurde es 1960 abgerissen.<\/p>\t\t\t\t\t\t\t\t<\/div>\n\t\t\t\t<\/div>\n\t\t\t\t<div class=\"elementor-element elementor-element-e03b3ea elementor-widget elementor-widget-text-editor\" data-id=\"e03b3ea\" data-element_type=\"widget\" data-e-type=\"widget\" data-widget_type=\"text-editor.default\">\n\t\t\t\t<div class=\"elementor-widget-container\">\n\t\t\t\t\t\t\t\t\t<h3>Anglikanische Kirche,<\/h3><div>\u00a0<\/div><p>im Schlosspark wurde 1885 geweiht und bis 1939 genutzt, in den f\u00fcnfziger Jahren wurde sie abgetragen.<\/p>\t\t\t\t\t\t\t\t<\/div>\n\t\t\t\t<\/div>\n\t\t\t\t<div class=\"elementor-element elementor-element-7847755 elementor-widget elementor-widget-text-editor\" data-id=\"7847755\" data-element_type=\"widget\" data-e-type=\"widget\" data-widget_type=\"text-editor.default\">\n\t\t\t\t<div class=\"elementor-widget-container\">\n\t\t\t\t\t\t\t\t\t<div>Geblieben ist der Monbijou Park mit dem Kinderfreibad.<\/div><div>In den Sommermonaten verwandelt sich die Freifl\u00e4che gegen\u00fcber dem Bodemuseum zu einer Tanzfl\u00e4che. Es finden hier regelm\u00e4\u00dfig Salsa Abende sowie Tango-Milongas statt.<\/div>\t\t\t\t\t\t\t\t<\/div>\n\t\t\t\t<\/div>\n\t\t\t\t\t<\/div>\n\t\t<\/div>\n\t\t\t\t<div class=\"elementor-column elementor-col-50 elementor-top-column elementor-element elementor-element-f8071db\" data-id=\"f8071db\" data-element_type=\"column\" data-e-type=\"column\" data-settings=\"{&quot;background_background&quot;:&quot;classic&quot;}\">\n\t\t\t<div class=\"elementor-widget-wrap elementor-element-populated\">\n\t\t\t\t\t\t<div class=\"elementor-element elementor-element-4e05d36 elementor-widget elementor-widget-image\" data-id=\"4e05d36\" data-element_type=\"widget\" data-e-type=\"widget\" data-widget_type=\"image.default\">\n\t\t\t\t<div class=\"elementor-widget-container\">\n\t\t\t\t\t\t\t\t\t\t\t\t\t\t\t<img loading=\"lazy\" decoding=\"async\" width=\"1024\" height=\"356\" src=\"https:\/\/sophieneck-berlin.de\/wp-content\/uploads\/2020\/05\/Tango_Monbijoupark-1024x356.jpg\" class=\"attachment-large size-large wp-image-596\" alt=\"Tango_Monbijoupark\" srcset=\"https:\/\/sophieneck-berlin.de\/wp-content\/uploads\/2020\/05\/Tango_Monbijoupark-1024x356.jpg 1024w, https:\/\/sophieneck-berlin.de\/wp-content\/uploads\/2020\/05\/Tango_Monbijoupark-600x208.jpg 600w, https:\/\/sophieneck-berlin.de\/wp-content\/uploads\/2020\/05\/Tango_Monbijoupark-300x104.jpg 300w, https:\/\/sophieneck-berlin.de\/wp-content\/uploads\/2020\/05\/Tango_Monbijoupark-768x267.jpg 768w, https:\/\/sophieneck-berlin.de\/wp-content\/uploads\/2020\/05\/Tango_Monbijoupark-18x6.jpg 18w, https:\/\/sophieneck-berlin.de\/wp-content\/uploads\/2020\/05\/Tango_Monbijoupark-576x200.jpg 576w, https:\/\/sophieneck-berlin.de\/wp-content\/uploads\/2020\/05\/Tango_Monbijoupark.jpg 1500w\" sizes=\"(max-width: 1024px) 100vw, 1024px\" \/>\t\t\t\t\t\t\t\t\t\t\t\t\t\t\t<\/div>\n\t\t\t\t<\/div>\n\t\t\t\t\t<\/div>\n\t\t<\/div>\n\t\t\t\t\t<\/div>\n\t\t<\/section>\n\t\t\t\t<section class=\"elementor-section elementor-top-section elementor-element elementor-element-9e7df3b elementor-section-boxed elementor-section-height-default elementor-section-height-default\" data-id=\"9e7df3b\" data-element_type=\"section\" data-e-type=\"section\">\n\t\t\t\t\t\t\t<div class=\"elementor-background-overlay\"><\/div>\n\t\t\t\t\t\t\t<div class=\"elementor-container elementor-column-gap-default\">\n\t\t\t\t\t<div class=\"elementor-column elementor-col-100 elementor-top-column elementor-element elementor-element-4969a69\" data-id=\"4969a69\" data-element_type=\"column\" data-e-type=\"column\">\n\t\t\t<div class=\"elementor-widget-wrap elementor-element-populated\">\n\t\t\t\t\t\t<div class=\"elementor-element elementor-element-cbce667 elementor-widget-divider--view-line elementor-widget elementor-widget-divider\" data-id=\"cbce667\" data-element_type=\"widget\" data-e-type=\"widget\" data-widget_type=\"divider.default\">\n\t\t\t\t<div class=\"elementor-widget-container\">\n\t\t\t\t\t\t\t<div class=\"elementor-divider\">\n\t\t\t<span class=\"elementor-divider-separator\">\n\t\t\t\t\t\t<\/span>\n\t\t<\/div>\n\t\t\t\t\t\t<\/div>\n\t\t\t\t<\/div>\n\t\t\t\t\t<\/div>\n\t\t<\/div>\n\t\t\t\t\t<\/div>\n\t\t<\/section>\n\t\t\t\t<section class=\"elementor-section elementor-top-section elementor-element elementor-element-5195874 elementor-section-boxed elementor-section-height-default elementor-section-height-default\" data-id=\"5195874\" data-element_type=\"section\" data-e-type=\"section\">\n\t\t\t\t\t\t<div class=\"elementor-container elementor-column-gap-no\">\n\t\t\t\t\t<div class=\"elementor-column elementor-col-50 elementor-top-column elementor-element elementor-element-868293d\" data-id=\"868293d\" data-element_type=\"column\" data-e-type=\"column\">\n\t\t\t<div class=\"elementor-widget-wrap elementor-element-populated\">\n\t\t\t\t\t\t<div class=\"elementor-element elementor-element-05f3290 elementor-widget elementor-widget-text-editor\" data-id=\"05f3290\" data-element_type=\"widget\" data-e-type=\"widget\" data-widget_type=\"text-editor.default\">\n\t\t\t\t<div class=\"elementor-widget-container\">\n\t\t\t\t\t\t\t\t\t<h3>Neue Synagoge,<\/h3><div>\u00a0<\/div><p>1866 vom Architekt Knoblauch erbaut, sollte sie von den Nazis angez\u00fcndet werden, der damalige Reviervorsteher Kr\u00fctzfeld hat dies vereitelt. 1943 wurde sie bei Luftangriffen schwer getroffen, ab 1988 wurden die erhaltenen Reste restauriert um \u00fcber die Zeit als Mahnung zu stehen.<\/p>\t\t\t\t\t\t\t\t<\/div>\n\t\t\t\t<\/div>\n\t\t\t\t\t<\/div>\n\t\t<\/div>\n\t\t\t\t<div class=\"elementor-column elementor-col-50 elementor-top-column elementor-element elementor-element-1615590\" data-id=\"1615590\" data-element_type=\"column\" data-e-type=\"column\" data-settings=\"{&quot;background_background&quot;:&quot;classic&quot;}\">\n\t\t\t<div class=\"elementor-widget-wrap elementor-element-populated\">\n\t\t\t\t\t\t<div class=\"elementor-element elementor-element-e97f815 elementor-widget elementor-widget-image\" data-id=\"e97f815\" data-element_type=\"widget\" data-e-type=\"widget\" data-widget_type=\"image.default\">\n\t\t\t\t<div class=\"elementor-widget-container\">\n\t\t\t\t\t\t\t\t\t\t\t\t\t\t\t<img loading=\"lazy\" decoding=\"async\" width=\"800\" height=\"400\" src=\"https:\/\/sophieneck-berlin.de\/wp-content\/uploads\/2020\/05\/NeueSynagogeOranienburger.jpg\" class=\"attachment-large size-large wp-image-665\" alt=\"Neue Synagoge Oranienburger Strasse\" srcset=\"https:\/\/sophieneck-berlin.de\/wp-content\/uploads\/2020\/05\/NeueSynagogeOranienburger.jpg 800w, https:\/\/sophieneck-berlin.de\/wp-content\/uploads\/2020\/05\/NeueSynagogeOranienburger-600x300.jpg 600w, https:\/\/sophieneck-berlin.de\/wp-content\/uploads\/2020\/05\/NeueSynagogeOranienburger-300x150.jpg 300w, https:\/\/sophieneck-berlin.de\/wp-content\/uploads\/2020\/05\/NeueSynagogeOranienburger-768x384.jpg 768w, https:\/\/sophieneck-berlin.de\/wp-content\/uploads\/2020\/05\/NeueSynagogeOranienburger-18x9.jpg 18w, https:\/\/sophieneck-berlin.de\/wp-content\/uploads\/2020\/05\/NeueSynagogeOranienburger-400x200.jpg 400w\" sizes=\"(max-width: 800px) 100vw, 800px\" \/>\t\t\t\t\t\t\t\t\t\t\t\t\t\t\t<\/div>\n\t\t\t\t<\/div>\n\t\t\t\t\t<\/div>\n\t\t<\/div>\n\t\t\t\t\t<\/div>\n\t\t<\/section>\n\t\t\t\t<section class=\"elementor-section elementor-top-section elementor-element elementor-element-0b0d987 elementor-section-boxed elementor-section-height-default elementor-section-height-default\" data-id=\"0b0d987\" data-element_type=\"section\" data-e-type=\"section\">\n\t\t\t\t\t\t\t<div class=\"elementor-background-overlay\"><\/div>\n\t\t\t\t\t\t\t<div class=\"elementor-container elementor-column-gap-default\">\n\t\t\t\t\t<div class=\"elementor-column elementor-col-100 elementor-top-column elementor-element elementor-element-512fd10\" data-id=\"512fd10\" data-element_type=\"column\" data-e-type=\"column\">\n\t\t\t<div class=\"elementor-widget-wrap elementor-element-populated\">\n\t\t\t\t\t\t<div class=\"elementor-element elementor-element-84dbe8d elementor-widget-divider--view-line elementor-widget elementor-widget-divider\" data-id=\"84dbe8d\" data-element_type=\"widget\" data-e-type=\"widget\" data-widget_type=\"divider.default\">\n\t\t\t\t<div class=\"elementor-widget-container\">\n\t\t\t\t\t\t\t<div class=\"elementor-divider\">\n\t\t\t<span class=\"elementor-divider-separator\">\n\t\t\t\t\t\t<\/span>\n\t\t<\/div>\n\t\t\t\t\t\t<\/div>\n\t\t\t\t<\/div>\n\t\t\t\t\t<\/div>\n\t\t<\/div>\n\t\t\t\t\t<\/div>\n\t\t<\/section>\n\t\t\t\t<section class=\"elementor-section elementor-top-section elementor-element elementor-element-b253e7c elementor-section-boxed elementor-section-height-default elementor-section-height-default\" data-id=\"b253e7c\" data-element_type=\"section\" data-e-type=\"section\">\n\t\t\t\t\t\t<div class=\"elementor-container elementor-column-gap-no\">\n\t\t\t\t\t<div class=\"elementor-column elementor-col-50 elementor-top-column elementor-element elementor-element-6de5d68\" data-id=\"6de5d68\" data-element_type=\"column\" data-e-type=\"column\">\n\t\t\t<div class=\"elementor-widget-wrap elementor-element-populated\">\n\t\t\t\t\t\t<div class=\"elementor-element elementor-element-f03834d elementor-widget elementor-widget-text-editor\" data-id=\"f03834d\" data-element_type=\"widget\" data-e-type=\"widget\" data-widget_type=\"text-editor.default\">\n\t\t\t\t<div class=\"elementor-widget-container\">\n\t\t\t\t\t\t\t\t\t<h3>Postfuhramt,<\/h3><div>\u00a0<\/div><p>an dieser Stelle stand (1705) das Postillionshaus. Die Architekten Tuckermann und Schwatlow bauten 1875 &#8211; 1881 einen repr\u00e4sentativen Neubau, der Hauptraum wurde bis 2014 von der CO GALLERY als Ausstellungsraum genutzt.<\/p>\t\t\t\t\t\t\t\t<\/div>\n\t\t\t\t<\/div>\n\t\t\t\t<div class=\"elementor-element elementor-element-90d0ea9 elementor-widget elementor-widget-text-editor\" data-id=\"90d0ea9\" data-element_type=\"widget\" data-e-type=\"widget\" data-widget_type=\"text-editor.default\">\n\t\t\t\t<div class=\"elementor-widget-container\">\n\t\t\t\t\t\t\t\t\t<h3>Paketpostamt vis a vis,<\/h3><div>\u00a0<\/div><p>gleicher Stil und Architekten, im Krieg zerst\u00f6rt, der neue Bau diente in der DDR &#8211; Zeiten als dem Institut f\u00fcr Fernmeldewesen. Heute entsteht\u00a0 hier ein Areal mit B\u00fcros und Luxuswohnungen.<\/p>\t\t\t\t\t\t\t\t<\/div>\n\t\t\t\t<\/div>\n\t\t\t\t<div class=\"elementor-element elementor-element-699ec84 elementor-widget elementor-widget-text-editor\" data-id=\"699ec84\" data-element_type=\"widget\" data-e-type=\"widget\" data-widget_type=\"text-editor.default\">\n\t\t\t\t<div class=\"elementor-widget-container\">\n\t\t\t\t\t\t\t\t\t<h3>Haupttelegraphenamt,<\/h3><div>\u00a0<\/div><p>1910 &#8211; 1913 wurde im barockem Stil dieses f\u00fcnfgeschossige Fernsprechgeb\u00e4ude als Erweiterung des Paketpostamtes gebaut, dazu geh\u00f6rte das ehemalige Logenhaus.<\/p>\t\t\t\t\t\t\t\t<\/div>\n\t\t\t\t<\/div>\n\t\t\t\t<div class=\"elementor-element elementor-element-e2fb276 elementor-widget elementor-widget-text-editor\" data-id=\"e2fb276\" data-element_type=\"widget\" data-e-type=\"widget\" data-widget_type=\"text-editor.default\">\n\t\t\t\t<div class=\"elementor-widget-container\">\n\t\t\t\t\t\t\t\t\t<h3>Freimaurerlogenhaus,<\/h3>\n<div>&nbsp;<\/div>\n<p>mit klassizistischer Fassade, seit 1791 Ordenshaus, 1898 an die Reichspost verkauft. 1962 restauriert, erhalten geblieben sind auch beide Schlusssteine links und rechts der Eing\u00e4nge, <br>links Sokrates und rechts Seneca.<\/p>\t\t\t\t\t\t\t\t<\/div>\n\t\t\t\t<\/div>\n\t\t\t\t<div class=\"elementor-element elementor-element-a0be554 elementor-widget elementor-widget-image\" data-id=\"a0be554\" data-element_type=\"widget\" data-e-type=\"widget\" data-widget_type=\"image.default\">\n\t\t\t\t<div class=\"elementor-widget-container\">\n\t\t\t\t\t\t\t\t\t\t\t\t\t\t\t<img loading=\"lazy\" decoding=\"async\" width=\"185\" height=\"300\" src=\"https:\/\/sophieneck-berlin.de\/wp-content\/uploads\/2020\/05\/PostfuhramtHof-185x300.jpg\" class=\"attachment-medium size-medium wp-image-684\" alt=\"Postfuhramt Hof\" srcset=\"https:\/\/sophieneck-berlin.de\/wp-content\/uploads\/2020\/05\/PostfuhramtHof-185x300.jpg 185w, https:\/\/sophieneck-berlin.de\/wp-content\/uploads\/2020\/05\/PostfuhramtHof-7x12.jpg 7w, https:\/\/sophieneck-berlin.de\/wp-content\/uploads\/2020\/05\/PostfuhramtHof-123x200.jpg 123w, https:\/\/sophieneck-berlin.de\/wp-content\/uploads\/2020\/05\/PostfuhramtHof.jpg 400w\" sizes=\"(max-width: 185px) 100vw, 185px\" \/>\t\t\t\t\t\t\t\t\t\t\t\t\t\t\t<\/div>\n\t\t\t\t<\/div>\n\t\t\t\t\t<\/div>\n\t\t<\/div>\n\t\t\t\t<div class=\"elementor-column elementor-col-50 elementor-top-column elementor-element elementor-element-121b599\" data-id=\"121b599\" data-element_type=\"column\" data-e-type=\"column\" data-settings=\"{&quot;background_background&quot;:&quot;classic&quot;}\">\n\t\t\t<div class=\"elementor-widget-wrap elementor-element-populated\">\n\t\t\t\t\t\t<div class=\"elementor-element elementor-element-db59b9f elementor-widget elementor-widget-image\" data-id=\"db59b9f\" data-element_type=\"widget\" data-e-type=\"widget\" data-widget_type=\"image.default\">\n\t\t\t\t<div class=\"elementor-widget-container\">\n\t\t\t\t\t\t\t\t\t\t\t\t\t\t\t<img loading=\"lazy\" decoding=\"async\" width=\"800\" height=\"600\" src=\"https:\/\/sophieneck-berlin.de\/wp-content\/uploads\/2020\/05\/PostfuhramtFront.jpg\" class=\"attachment-large size-large wp-image-664\" alt=\"Postfuhramt Front, Oranienburger Strasse\" srcset=\"https:\/\/sophieneck-berlin.de\/wp-content\/uploads\/2020\/05\/PostfuhramtFront.jpg 800w, https:\/\/sophieneck-berlin.de\/wp-content\/uploads\/2020\/05\/PostfuhramtFront-600x450.jpg 600w, https:\/\/sophieneck-berlin.de\/wp-content\/uploads\/2020\/05\/PostfuhramtFront-300x225.jpg 300w, https:\/\/sophieneck-berlin.de\/wp-content\/uploads\/2020\/05\/PostfuhramtFront-768x576.jpg 768w, https:\/\/sophieneck-berlin.de\/wp-content\/uploads\/2020\/05\/PostfuhramtFront-16x12.jpg 16w, https:\/\/sophieneck-berlin.de\/wp-content\/uploads\/2020\/05\/PostfuhramtFront-267x200.jpg 267w\" sizes=\"(max-width: 800px) 100vw, 800px\" \/>\t\t\t\t\t\t\t\t\t\t\t\t\t\t\t<\/div>\n\t\t\t\t<\/div>\n\t\t\t\t<div class=\"elementor-element elementor-element-d4ea506 elementor-widget elementor-widget-image\" data-id=\"d4ea506\" data-element_type=\"widget\" data-e-type=\"widget\" data-widget_type=\"image.default\">\n\t\t\t\t<div class=\"elementor-widget-container\">\n\t\t\t\t\t\t\t\t\t\t\t\t\t\t\t<img loading=\"lazy\" decoding=\"async\" width=\"768\" height=\"234\" src=\"https:\/\/sophieneck-berlin.de\/wp-content\/uploads\/2020\/05\/OranienburgerStr_Tucholskystr_2-768x234.jpg\" class=\"attachment-medium_large size-medium_large wp-image-594\" alt=\"OranienburgerStr_Tucholskystr_2\" srcset=\"https:\/\/sophieneck-berlin.de\/wp-content\/uploads\/2020\/05\/OranienburgerStr_Tucholskystr_2-768x234.jpg 768w, https:\/\/sophieneck-berlin.de\/wp-content\/uploads\/2020\/05\/OranienburgerStr_Tucholskystr_2-600x183.jpg 600w, https:\/\/sophieneck-berlin.de\/wp-content\/uploads\/2020\/05\/OranienburgerStr_Tucholskystr_2-300x92.jpg 300w, https:\/\/sophieneck-berlin.de\/wp-content\/uploads\/2020\/05\/OranienburgerStr_Tucholskystr_2-1024x313.jpg 1024w, https:\/\/sophieneck-berlin.de\/wp-content\/uploads\/2020\/05\/OranienburgerStr_Tucholskystr_2-18x5.jpg 18w, https:\/\/sophieneck-berlin.de\/wp-content\/uploads\/2020\/05\/OranienburgerStr_Tucholskystr_2-655x200.jpg 655w, https:\/\/sophieneck-berlin.de\/wp-content\/uploads\/2020\/05\/OranienburgerStr_Tucholskystr_2.jpg 1500w\" sizes=\"(max-width: 768px) 100vw, 768px\" \/>\t\t\t\t\t\t\t\t\t\t\t\t\t\t\t<\/div>\n\t\t\t\t<\/div>\n\t\t\t\t\t<\/div>\n\t\t<\/div>\n\t\t\t\t\t<\/div>\n\t\t<\/section>\n\t\t\t\t<section class=\"elementor-section elementor-top-section elementor-element elementor-element-a0411e2 elementor-section-boxed elementor-section-height-default elementor-section-height-default\" data-id=\"a0411e2\" data-element_type=\"section\" data-e-type=\"section\">\n\t\t\t\t\t\t\t<div class=\"elementor-background-overlay\"><\/div>\n\t\t\t\t\t\t\t<div class=\"elementor-container elementor-column-gap-default\">\n\t\t\t\t\t<div class=\"elementor-column elementor-col-100 elementor-top-column elementor-element elementor-element-da6bf68\" data-id=\"da6bf68\" data-element_type=\"column\" data-e-type=\"column\">\n\t\t\t<div class=\"elementor-widget-wrap elementor-element-populated\">\n\t\t\t\t\t\t<div class=\"elementor-element elementor-element-4b783e3 elementor-widget-divider--view-line elementor-widget elementor-widget-divider\" data-id=\"4b783e3\" data-element_type=\"widget\" data-e-type=\"widget\" data-widget_type=\"divider.default\">\n\t\t\t\t<div class=\"elementor-widget-container\">\n\t\t\t\t\t\t\t<div class=\"elementor-divider\">\n\t\t\t<span class=\"elementor-divider-separator\">\n\t\t\t\t\t\t<\/span>\n\t\t<\/div>\n\t\t\t\t\t\t<\/div>\n\t\t\t\t<\/div>\n\t\t\t\t\t<\/div>\n\t\t<\/div>\n\t\t\t\t\t<\/div>\n\t\t<\/section>\n\t\t\t\t<section class=\"elementor-section elementor-top-section elementor-element elementor-element-4b6f026 elementor-section-boxed elementor-section-height-default elementor-section-height-default\" data-id=\"4b6f026\" data-element_type=\"section\" data-e-type=\"section\">\n\t\t\t\t\t\t<div class=\"elementor-container elementor-column-gap-no\">\n\t\t\t\t\t<div class=\"elementor-column elementor-col-50 elementor-top-column elementor-element elementor-element-aabbe91\" data-id=\"aabbe91\" data-element_type=\"column\" data-e-type=\"column\">\n\t\t\t<div class=\"elementor-widget-wrap elementor-element-populated\">\n\t\t\t\t\t\t<div class=\"elementor-element elementor-element-8ff3a02 elementor-widget elementor-widget-text-editor\" data-id=\"8ff3a02\" data-element_type=\"widget\" data-e-type=\"widget\" data-widget_type=\"text-editor.default\">\n\t\t\t\t<div class=\"elementor-widget-container\">\n\t\t\t\t\t\t\t\t\t<h3>Der Kunsthof und die Heckmannh\u00f6fe,<\/h3><div>\u00a0<\/div><p>in der Oranienburger Strasse befinden sich diese zwei sehr ehenswerte Hofensembles<\/p>\t\t\t\t\t\t\t\t<\/div>\n\t\t\t\t<\/div>\n\t\t\t\t<div class=\"elementor-element elementor-element-d976b4f elementor-widget elementor-widget-image\" data-id=\"d976b4f\" data-element_type=\"widget\" data-e-type=\"widget\" data-widget_type=\"image.default\">\n\t\t\t\t<div class=\"elementor-widget-container\">\n\t\t\t\t\t\t\t\t\t\t\t\t\t\t\t<img loading=\"lazy\" decoding=\"async\" width=\"1024\" height=\"324\" src=\"https:\/\/sophieneck-berlin.de\/wp-content\/uploads\/2020\/05\/HeckmannHoefe-OranienburgerStr_Auguststr-1024x324.jpg\" class=\"attachment-large size-large wp-image-599\" alt=\"HeckmannHoefe-OranienburgerStr_Auguststr\" srcset=\"https:\/\/sophieneck-berlin.de\/wp-content\/uploads\/2020\/05\/HeckmannHoefe-OranienburgerStr_Auguststr-1024x324.jpg 1024w, https:\/\/sophieneck-berlin.de\/wp-content\/uploads\/2020\/05\/HeckmannHoefe-OranienburgerStr_Auguststr-600x190.jpg 600w, https:\/\/sophieneck-berlin.de\/wp-content\/uploads\/2020\/05\/HeckmannHoefe-OranienburgerStr_Auguststr-300x95.jpg 300w, https:\/\/sophieneck-berlin.de\/wp-content\/uploads\/2020\/05\/HeckmannHoefe-OranienburgerStr_Auguststr-768x243.jpg 768w, https:\/\/sophieneck-berlin.de\/wp-content\/uploads\/2020\/05\/HeckmannHoefe-OranienburgerStr_Auguststr-18x6.jpg 18w, https:\/\/sophieneck-berlin.de\/wp-content\/uploads\/2020\/05\/HeckmannHoefe-OranienburgerStr_Auguststr-633x200.jpg 633w, https:\/\/sophieneck-berlin.de\/wp-content\/uploads\/2020\/05\/HeckmannHoefe-OranienburgerStr_Auguststr.jpg 1500w\" sizes=\"(max-width: 1024px) 100vw, 1024px\" \/>\t\t\t\t\t\t\t\t\t\t\t\t\t\t\t<\/div>\n\t\t\t\t<\/div>\n\t\t\t\t<div class=\"elementor-element elementor-element-a2ffc2d elementor-widget elementor-widget-text-editor\" data-id=\"a2ffc2d\" data-element_type=\"widget\" data-e-type=\"widget\" data-widget_type=\"text-editor.default\">\n\t\t\t\t<div class=\"elementor-widget-container\">\n\t\t\t\t\t\t\t\t\t<p style=\"text-align: left;\">Die Heckmann-H\u00f6fe verbinden die Oranienburger mit der Auguststra\u00dfe.<\/p>\t\t\t\t\t\t\t\t<\/div>\n\t\t\t\t<\/div>\n\t\t\t\t\t<\/div>\n\t\t<\/div>\n\t\t\t\t<div class=\"elementor-column elementor-col-50 elementor-top-column elementor-element elementor-element-7a84519\" data-id=\"7a84519\" data-element_type=\"column\" data-e-type=\"column\" data-settings=\"{&quot;background_background&quot;:&quot;classic&quot;}\">\n\t\t\t<div class=\"elementor-widget-wrap elementor-element-populated\">\n\t\t\t\t\t\t<div class=\"elementor-element elementor-element-f8d6fcd elementor-widget elementor-widget-image\" data-id=\"f8d6fcd\" data-element_type=\"widget\" data-e-type=\"widget\" data-widget_type=\"image.default\">\n\t\t\t\t<div class=\"elementor-widget-container\">\n\t\t\t\t\t\t\t\t\t\t\t\t\t\t\t<img loading=\"lazy\" decoding=\"async\" width=\"673\" height=\"600\" src=\"https:\/\/sophieneck-berlin.de\/wp-content\/uploads\/2020\/05\/Kunsthof_OranienburgerStr.jpg\" class=\"attachment-full size-full wp-image-598\" alt=\"Kunsthof_OranienburgerStr\" srcset=\"https:\/\/sophieneck-berlin.de\/wp-content\/uploads\/2020\/05\/Kunsthof_OranienburgerStr.jpg 673w, https:\/\/sophieneck-berlin.de\/wp-content\/uploads\/2020\/05\/Kunsthof_OranienburgerStr-600x535.jpg 600w, https:\/\/sophieneck-berlin.de\/wp-content\/uploads\/2020\/05\/Kunsthof_OranienburgerStr-300x267.jpg 300w, https:\/\/sophieneck-berlin.de\/wp-content\/uploads\/2020\/05\/Kunsthof_OranienburgerStr-13x12.jpg 13w, https:\/\/sophieneck-berlin.de\/wp-content\/uploads\/2020\/05\/Kunsthof_OranienburgerStr-224x200.jpg 224w\" sizes=\"(max-width: 673px) 100vw, 673px\" \/>\t\t\t\t\t\t\t\t\t\t\t\t\t\t\t<\/div>\n\t\t\t\t<\/div>\n\t\t\t\t\t<\/div>\n\t\t<\/div>\n\t\t\t\t\t<\/div>\n\t\t<\/section>\n\t\t\t\t<section class=\"elementor-section elementor-top-section elementor-element elementor-element-01ae4be elementor-section-boxed elementor-section-height-default elementor-section-height-default\" data-id=\"01ae4be\" data-element_type=\"section\" data-e-type=\"section\">\n\t\t\t\t\t\t\t<div class=\"elementor-background-overlay\"><\/div>\n\t\t\t\t\t\t\t<div class=\"elementor-container elementor-column-gap-default\">\n\t\t\t\t\t<div class=\"elementor-column elementor-col-100 elementor-top-column elementor-element elementor-element-a5f7b00\" data-id=\"a5f7b00\" data-element_type=\"column\" data-e-type=\"column\">\n\t\t\t<div class=\"elementor-widget-wrap elementor-element-populated\">\n\t\t\t\t\t\t<div class=\"elementor-element elementor-element-8d31d2f elementor-widget-divider--view-line elementor-widget elementor-widget-divider\" data-id=\"8d31d2f\" data-element_type=\"widget\" data-e-type=\"widget\" data-widget_type=\"divider.default\">\n\t\t\t\t<div class=\"elementor-widget-container\">\n\t\t\t\t\t\t\t<div class=\"elementor-divider\">\n\t\t\t<span class=\"elementor-divider-separator\">\n\t\t\t\t\t\t<\/span>\n\t\t<\/div>\n\t\t\t\t\t\t<\/div>\n\t\t\t\t<\/div>\n\t\t\t\t\t<\/div>\n\t\t<\/div>\n\t\t\t\t\t<\/div>\n\t\t<\/section>\n\t\t\t\t<section class=\"elementor-section elementor-top-section elementor-element elementor-element-e1b68ca elementor-section-boxed elementor-section-height-default elementor-section-height-default\" data-id=\"e1b68ca\" data-element_type=\"section\" data-e-type=\"section\">\n\t\t\t\t\t\t\t<div class=\"elementor-background-overlay\"><\/div>\n\t\t\t\t\t\t\t<div class=\"elementor-container elementor-column-gap-default\">\n\t\t\t\t\t<div class=\"elementor-column elementor-col-100 elementor-top-column elementor-element elementor-element-cedd82a\" data-id=\"cedd82a\" data-element_type=\"column\" data-e-type=\"column\">\n\t\t\t<div class=\"elementor-widget-wrap elementor-element-populated\">\n\t\t\t\t\t\t<div class=\"elementor-element elementor-element-1453e1b elementor-invisible elementor-widget elementor-widget-heading\" data-id=\"1453e1b\" data-element_type=\"widget\" data-e-type=\"widget\" data-settings=\"{&quot;_animation&quot;:&quot;fadeInLeft&quot;}\" data-widget_type=\"heading.default\">\n\t\t\t\t<div class=\"elementor-widget-container\">\n\t\t\t\t\t<h2 class=\"elementor-heading-title elementor-size-default\">Auguststrasse<\/h2>\t\t\t\t<\/div>\n\t\t\t\t<\/div>\n\t\t\t\t\t<\/div>\n\t\t<\/div>\n\t\t\t\t\t<\/div>\n\t\t<\/section>\n\t\t\t\t<section class=\"elementor-section elementor-top-section elementor-element elementor-element-78b00a5 elementor-section-boxed elementor-section-height-default elementor-section-height-default\" data-id=\"78b00a5\" data-element_type=\"section\" data-e-type=\"section\">\n\t\t\t\t\t\t\t<div class=\"elementor-background-overlay\"><\/div>\n\t\t\t\t\t\t\t<div class=\"elementor-container elementor-column-gap-default\">\n\t\t\t\t\t<div class=\"elementor-column elementor-col-100 elementor-top-column elementor-element elementor-element-29647a0\" data-id=\"29647a0\" data-element_type=\"column\" data-e-type=\"column\">\n\t\t\t<div class=\"elementor-widget-wrap elementor-element-populated\">\n\t\t\t\t\t\t<div class=\"elementor-element elementor-element-0352c32 elementor-widget-divider--view-line elementor-widget elementor-widget-divider\" data-id=\"0352c32\" data-element_type=\"widget\" data-e-type=\"widget\" data-widget_type=\"divider.default\">\n\t\t\t\t<div class=\"elementor-widget-container\">\n\t\t\t\t\t\t\t<div class=\"elementor-divider\">\n\t\t\t<span class=\"elementor-divider-separator\">\n\t\t\t\t\t\t<\/span>\n\t\t<\/div>\n\t\t\t\t\t\t<\/div>\n\t\t\t\t<\/div>\n\t\t\t\t\t<\/div>\n\t\t<\/div>\n\t\t\t\t\t<\/div>\n\t\t<\/section>\n\t\t\t\t<section class=\"elementor-section elementor-top-section elementor-element elementor-element-f422189 elementor-section-boxed elementor-section-height-default elementor-section-height-default\" data-id=\"f422189\" data-element_type=\"section\" data-e-type=\"section\">\n\t\t\t\t\t\t<div class=\"elementor-container elementor-column-gap-no\">\n\t\t\t\t\t<div class=\"elementor-column elementor-col-50 elementor-top-column elementor-element elementor-element-4b5333b\" data-id=\"4b5333b\" data-element_type=\"column\" data-e-type=\"column\">\n\t\t\t<div class=\"elementor-widget-wrap elementor-element-populated\">\n\t\t\t\t\t\t<div class=\"elementor-element elementor-element-501a622 elementor-widget elementor-widget-text-editor\" data-id=\"501a622\" data-element_type=\"widget\" data-e-type=\"widget\" data-widget_type=\"text-editor.default\">\n\t\t\t\t<div class=\"elementor-widget-container\">\n\t\t\t\t\t\t\t\t\t<h3>Galerie-Meile Auguststra\u00dfe,<\/h3><div>\u00a0<\/div><p>Bekannt geworden ist diese Strasse durch ihre unz\u00e4hligen Galerien (u.a. Galerie &#8222;eigenart&#8220;, die &#8222;KunstWerke \u2013 KW&#8220;) , welche vorallem in der Nachwendezeit hier entstanden. Einen Sehr gro\u00dfen Anteil daran hatte Juta Weiz, ehemalige Mitarbeiterin der WBM.<\/p>\t\t\t\t\t\t\t\t<\/div>\n\t\t\t\t<\/div>\n\t\t\t\t\t<\/div>\n\t\t<\/div>\n\t\t\t\t<div class=\"elementor-column elementor-col-50 elementor-top-column elementor-element elementor-element-485f50b\" data-id=\"485f50b\" data-element_type=\"column\" data-e-type=\"column\" data-settings=\"{&quot;background_background&quot;:&quot;classic&quot;}\">\n\t\t\t<div class=\"elementor-widget-wrap elementor-element-populated\">\n\t\t\t\t\t\t<div class=\"elementor-element elementor-element-5b5ddaa elementor-widget elementor-widget-image\" data-id=\"5b5ddaa\" data-element_type=\"widget\" data-e-type=\"widget\" data-widget_type=\"image.default\">\n\t\t\t\t<div class=\"elementor-widget-container\">\n\t\t\t\t\t\t\t\t\t\t\t\t\t\t\t<img loading=\"lazy\" decoding=\"async\" width=\"800\" height=\"261\" src=\"https:\/\/sophieneck-berlin.de\/wp-content\/uploads\/2020\/05\/Auguststr_Joachimstr.jpg\" class=\"attachment-large size-large wp-image-688\" alt=\"Auguststrasse Ecke Joachimstrasse\" srcset=\"https:\/\/sophieneck-berlin.de\/wp-content\/uploads\/2020\/05\/Auguststr_Joachimstr.jpg 800w, https:\/\/sophieneck-berlin.de\/wp-content\/uploads\/2020\/05\/Auguststr_Joachimstr-600x196.jpg 600w, https:\/\/sophieneck-berlin.de\/wp-content\/uploads\/2020\/05\/Auguststr_Joachimstr-300x98.jpg 300w, https:\/\/sophieneck-berlin.de\/wp-content\/uploads\/2020\/05\/Auguststr_Joachimstr-768x251.jpg 768w, https:\/\/sophieneck-berlin.de\/wp-content\/uploads\/2020\/05\/Auguststr_Joachimstr-18x6.jpg 18w, https:\/\/sophieneck-berlin.de\/wp-content\/uploads\/2020\/05\/Auguststr_Joachimstr-613x200.jpg 613w\" sizes=\"(max-width: 800px) 100vw, 800px\" \/>\t\t\t\t\t\t\t\t\t\t\t\t\t\t\t<\/div>\n\t\t\t\t<\/div>\n\t\t\t\t<div class=\"elementor-element elementor-element-460f678 elementor-widget elementor-widget-image\" data-id=\"460f678\" data-element_type=\"widget\" data-e-type=\"widget\" data-widget_type=\"image.default\">\n\t\t\t\t<div class=\"elementor-widget-container\">\n\t\t\t\t\t\t\t\t\t\t\t\t\t\t\t<img loading=\"lazy\" decoding=\"async\" width=\"150\" height=\"150\" src=\"https:\/\/sophieneck-berlin.de\/wp-content\/uploads\/2020\/05\/KW-Augustr-150x150.jpg\" class=\"attachment-thumbnail size-thumbnail wp-image-603\" alt=\"\" srcset=\"https:\/\/sophieneck-berlin.de\/wp-content\/uploads\/2020\/05\/KW-Augustr-150x150.jpg 150w, https:\/\/sophieneck-berlin.de\/wp-content\/uploads\/2020\/05\/KW-Augustr-300x300.jpg 300w, https:\/\/sophieneck-berlin.de\/wp-content\/uploads\/2020\/05\/KW-Augustr-100x100.jpg 100w, https:\/\/sophieneck-berlin.de\/wp-content\/uploads\/2020\/05\/KW-Augustr-400x400.jpg 400w\" sizes=\"(max-width: 150px) 100vw, 150px\" \/>\t\t\t\t\t\t\t\t\t\t\t\t\t\t\t<\/div>\n\t\t\t\t<\/div>\n\t\t\t\t\t<\/div>\n\t\t<\/div>\n\t\t\t\t\t<\/div>\n\t\t<\/section>\n\t\t\t\t<section class=\"elementor-section elementor-top-section elementor-element elementor-element-cc7d05d elementor-section-boxed elementor-section-height-default elementor-section-height-default\" data-id=\"cc7d05d\" data-element_type=\"section\" data-e-type=\"section\">\n\t\t\t\t\t\t\t<div class=\"elementor-background-overlay\"><\/div>\n\t\t\t\t\t\t\t<div class=\"elementor-container elementor-column-gap-default\">\n\t\t\t\t\t<div class=\"elementor-column elementor-col-100 elementor-top-column elementor-element elementor-element-0642918\" data-id=\"0642918\" data-element_type=\"column\" data-e-type=\"column\">\n\t\t\t<div class=\"elementor-widget-wrap elementor-element-populated\">\n\t\t\t\t\t\t<div class=\"elementor-element elementor-element-3f4f6a1 elementor-widget-divider--view-line elementor-widget elementor-widget-divider\" data-id=\"3f4f6a1\" data-element_type=\"widget\" data-e-type=\"widget\" data-widget_type=\"divider.default\">\n\t\t\t\t<div class=\"elementor-widget-container\">\n\t\t\t\t\t\t\t<div class=\"elementor-divider\">\n\t\t\t<span class=\"elementor-divider-separator\">\n\t\t\t\t\t\t<\/span>\n\t\t<\/div>\n\t\t\t\t\t\t<\/div>\n\t\t\t\t<\/div>\n\t\t\t\t\t<\/div>\n\t\t<\/div>\n\t\t\t\t\t<\/div>\n\t\t<\/section>\n\t\t\t\t<section class=\"elementor-section elementor-top-section elementor-element elementor-element-d6106b7 elementor-section-boxed elementor-section-height-default elementor-section-height-default\" data-id=\"d6106b7\" data-element_type=\"section\" data-e-type=\"section\">\n\t\t\t\t\t\t<div class=\"elementor-container elementor-column-gap-no\">\n\t\t\t\t\t<div class=\"elementor-column elementor-col-50 elementor-top-column elementor-element elementor-element-8cf8109\" data-id=\"8cf8109\" data-element_type=\"column\" data-e-type=\"column\">\n\t\t\t<div class=\"elementor-widget-wrap elementor-element-populated\">\n\t\t\t\t\t\t<div class=\"elementor-element elementor-element-71f89e9 elementor-widget elementor-widget-text-editor\" data-id=\"71f89e9\" data-element_type=\"widget\" data-e-type=\"widget\" data-widget_type=\"text-editor.default\">\n\t\t\t\t<div class=\"elementor-widget-container\">\n\t\t\t\t\t\t\t\t\t<h3>J\u00fcdische M\u00e4dchenschule,<\/h3><h3>Auguststra\u00dfe 11 &#8211; 13,<\/h3><div>\u00a0<\/div>\t\t\t\t\t\t\t\t<\/div>\n\t\t\t\t<\/div>\n\t\t\t\t<div class=\"elementor-element elementor-element-e8337fb elementor-widget elementor-widget-image\" data-id=\"e8337fb\" data-element_type=\"widget\" data-e-type=\"widget\" data-widget_type=\"image.default\">\n\t\t\t\t<div class=\"elementor-widget-container\">\n\t\t\t\t\t\t\t\t\t\t\t\t\t\t\t<img loading=\"lazy\" decoding=\"async\" width=\"800\" height=\"600\" src=\"https:\/\/sophieneck-berlin.de\/wp-content\/uploads\/2020\/05\/JuedischeMaedchenschuleTafel.jpg\" class=\"attachment-large size-large wp-image-683\" alt=\"JuedischeMaedchenschule\" srcset=\"https:\/\/sophieneck-berlin.de\/wp-content\/uploads\/2020\/05\/JuedischeMaedchenschuleTafel.jpg 800w, https:\/\/sophieneck-berlin.de\/wp-content\/uploads\/2020\/05\/JuedischeMaedchenschuleTafel-600x450.jpg 600w, https:\/\/sophieneck-berlin.de\/wp-content\/uploads\/2020\/05\/JuedischeMaedchenschuleTafel-300x225.jpg 300w, https:\/\/sophieneck-berlin.de\/wp-content\/uploads\/2020\/05\/JuedischeMaedchenschuleTafel-768x576.jpg 768w, https:\/\/sophieneck-berlin.de\/wp-content\/uploads\/2020\/05\/JuedischeMaedchenschuleTafel-16x12.jpg 16w, https:\/\/sophieneck-berlin.de\/wp-content\/uploads\/2020\/05\/JuedischeMaedchenschuleTafel-267x200.jpg 267w\" sizes=\"(max-width: 800px) 100vw, 800px\" \/>\t\t\t\t\t\t\t\t\t\t\t\t\t\t\t<\/div>\n\t\t\t\t<\/div>\n\t\t\t\t\t<\/div>\n\t\t<\/div>\n\t\t\t\t<div class=\"elementor-column elementor-col-50 elementor-top-column elementor-element elementor-element-7152baa\" data-id=\"7152baa\" data-element_type=\"column\" data-e-type=\"column\" data-settings=\"{&quot;background_background&quot;:&quot;classic&quot;}\">\n\t\t\t<div class=\"elementor-widget-wrap elementor-element-populated\">\n\t\t\t\t\t\t<div class=\"elementor-element elementor-element-8b6c870 elementor-widget elementor-widget-image\" data-id=\"8b6c870\" data-element_type=\"widget\" data-e-type=\"widget\" data-widget_type=\"image.default\">\n\t\t\t\t<div class=\"elementor-widget-container\">\n\t\t\t\t\t\t\t\t\t\t\t\t\t\t\t<img loading=\"lazy\" decoding=\"async\" width=\"800\" height=\"600\" src=\"https:\/\/sophieneck-berlin.de\/wp-content\/uploads\/2020\/05\/JuedischeMaedchenschule.jpg\" class=\"attachment-large size-large wp-image-681\" alt=\"JuedischeMaedchenschule\" srcset=\"https:\/\/sophieneck-berlin.de\/wp-content\/uploads\/2020\/05\/JuedischeMaedchenschule.jpg 800w, https:\/\/sophieneck-berlin.de\/wp-content\/uploads\/2020\/05\/JuedischeMaedchenschule-600x450.jpg 600w, https:\/\/sophieneck-berlin.de\/wp-content\/uploads\/2020\/05\/JuedischeMaedchenschule-300x225.jpg 300w, https:\/\/sophieneck-berlin.de\/wp-content\/uploads\/2020\/05\/JuedischeMaedchenschule-768x576.jpg 768w, https:\/\/sophieneck-berlin.de\/wp-content\/uploads\/2020\/05\/JuedischeMaedchenschule-16x12.jpg 16w, https:\/\/sophieneck-berlin.de\/wp-content\/uploads\/2020\/05\/JuedischeMaedchenschule-267x200.jpg 267w\" sizes=\"(max-width: 800px) 100vw, 800px\" \/>\t\t\t\t\t\t\t\t\t\t\t\t\t\t\t<\/div>\n\t\t\t\t<\/div>\n\t\t\t\t\t<\/div>\n\t\t<\/div>\n\t\t\t\t\t<\/div>\n\t\t<\/section>\n\t\t\t\t<section class=\"elementor-section elementor-top-section elementor-element elementor-element-d30856b elementor-section-boxed elementor-section-height-default elementor-section-height-default\" data-id=\"d30856b\" data-element_type=\"section\" data-e-type=\"section\">\n\t\t\t\t\t\t\t<div class=\"elementor-background-overlay\"><\/div>\n\t\t\t\t\t\t\t<div class=\"elementor-container elementor-column-gap-default\">\n\t\t\t\t\t<div class=\"elementor-column elementor-col-100 elementor-top-column elementor-element elementor-element-07b766a\" data-id=\"07b766a\" data-element_type=\"column\" data-e-type=\"column\">\n\t\t\t<div class=\"elementor-widget-wrap elementor-element-populated\">\n\t\t\t\t\t\t<div class=\"elementor-element elementor-element-d7cc90f elementor-widget-divider--view-line elementor-widget elementor-widget-divider\" data-id=\"d7cc90f\" data-element_type=\"widget\" data-e-type=\"widget\" data-widget_type=\"divider.default\">\n\t\t\t\t<div class=\"elementor-widget-container\">\n\t\t\t\t\t\t\t<div class=\"elementor-divider\">\n\t\t\t<span class=\"elementor-divider-separator\">\n\t\t\t\t\t\t<\/span>\n\t\t<\/div>\n\t\t\t\t\t\t<\/div>\n\t\t\t\t<\/div>\n\t\t\t\t\t<\/div>\n\t\t<\/div>\n\t\t\t\t\t<\/div>\n\t\t<\/section>\n\t\t\t\t<section class=\"elementor-section elementor-top-section elementor-element elementor-element-b1fcf0f elementor-section-boxed elementor-section-height-default elementor-section-height-default\" data-id=\"b1fcf0f\" data-element_type=\"section\" data-e-type=\"section\">\n\t\t\t\t\t\t\t<div class=\"elementor-background-overlay\"><\/div>\n\t\t\t\t\t\t\t<div class=\"elementor-container elementor-column-gap-default\">\n\t\t\t\t\t<div class=\"elementor-column elementor-col-100 elementor-top-column elementor-element elementor-element-29a3ea2\" data-id=\"29a3ea2\" data-element_type=\"column\" data-e-type=\"column\">\n\t\t\t<div class=\"elementor-widget-wrap elementor-element-populated\">\n\t\t\t\t\t\t<div class=\"elementor-element elementor-element-f165493 elementor-invisible elementor-widget elementor-widget-heading\" data-id=\"f165493\" data-element_type=\"widget\" data-e-type=\"widget\" data-settings=\"{&quot;_animation&quot;:&quot;fadeInLeft&quot;}\" data-widget_type=\"heading.default\">\n\t\t\t\t<div class=\"elementor-widget-container\">\n\t\t\t\t\t<h2 class=\"elementor-heading-title elementor-size-default\">Sophienstrasse<\/h2>\t\t\t\t<\/div>\n\t\t\t\t<\/div>\n\t\t\t\t\t<\/div>\n\t\t<\/div>\n\t\t\t\t\t<\/div>\n\t\t<\/section>\n\t\t\t\t<section class=\"elementor-section elementor-top-section elementor-element elementor-element-5cca994 elementor-section-boxed elementor-section-height-default elementor-section-height-default\" data-id=\"5cca994\" data-element_type=\"section\" data-e-type=\"section\">\n\t\t\t\t\t\t\t<div class=\"elementor-background-overlay\"><\/div>\n\t\t\t\t\t\t\t<div class=\"elementor-container elementor-column-gap-default\">\n\t\t\t\t\t<div class=\"elementor-column elementor-col-100 elementor-top-column elementor-element elementor-element-f2ecf37\" data-id=\"f2ecf37\" data-element_type=\"column\" data-e-type=\"column\">\n\t\t\t<div class=\"elementor-widget-wrap elementor-element-populated\">\n\t\t\t\t\t\t<div class=\"elementor-element elementor-element-3dbd99e elementor-widget-divider--view-line elementor-widget elementor-widget-divider\" data-id=\"3dbd99e\" data-element_type=\"widget\" data-e-type=\"widget\" data-widget_type=\"divider.default\">\n\t\t\t\t<div class=\"elementor-widget-container\">\n\t\t\t\t\t\t\t<div class=\"elementor-divider\">\n\t\t\t<span class=\"elementor-divider-separator\">\n\t\t\t\t\t\t<\/span>\n\t\t<\/div>\n\t\t\t\t\t\t<\/div>\n\t\t\t\t<\/div>\n\t\t\t\t\t<\/div>\n\t\t<\/div>\n\t\t\t\t\t<\/div>\n\t\t<\/section>\n\t\t\t\t<section class=\"elementor-section elementor-top-section elementor-element elementor-element-0a577ea elementor-section-boxed elementor-section-height-default elementor-section-height-default\" data-id=\"0a577ea\" data-element_type=\"section\" data-e-type=\"section\">\n\t\t\t\t\t\t<div class=\"elementor-container elementor-column-gap-no\">\n\t\t\t\t\t<div class=\"elementor-column elementor-col-50 elementor-top-column elementor-element elementor-element-f8fa9ee\" data-id=\"f8fa9ee\" data-element_type=\"column\" data-e-type=\"column\">\n\t\t\t<div class=\"elementor-widget-wrap elementor-element-populated\">\n\t\t\t\t\t\t<div class=\"elementor-element elementor-element-ca0d0fb elementor-widget elementor-widget-text-editor\" data-id=\"ca0d0fb\" data-element_type=\"widget\" data-e-type=\"widget\" data-widget_type=\"text-editor.default\">\n\t\t\t\t<div class=\"elementor-widget-container\">\n\t\t\t\t\t\t\t\t\t<h3>Sophienstra\u00dfe,<\/h3><div>\u00a0<\/div><p>fr\u00fcher hie\u00df sie auch Kirchgasse oder Kirchhofgasse, sie wurde zur 750 Jahrfeier Berlins 81987) \u00e4u\u00dferlich restauriert. Hier befinden sich noch kleine zweist\u00f6ckige Biedermeierh\u00e4user, gegen\u00fcber dem alten Haupteingang der Sophienkirche befindet sich der ehemalige Eingang des Handwerkervereinshauses, auf seinem Hof befinden sich die ber\u00fchmten Sophiens\u00e4le, die in ihrer Gr\u00f6\u00dfe in der Vorstadt einmalig waren.<\/p>\t\t\t\t\t\t\t\t<\/div>\n\t\t\t\t<\/div>\n\t\t\t\t<div class=\"elementor-element elementor-element-ab4e088 elementor-widget elementor-widget-image\" data-id=\"ab4e088\" data-element_type=\"widget\" data-e-type=\"widget\" data-widget_type=\"image.default\">\n\t\t\t\t<div class=\"elementor-widget-container\">\n\t\t\t\t\t\t\t\t\t\t\t\t\t\t\t<img loading=\"lazy\" decoding=\"async\" width=\"300\" height=\"194\" src=\"https:\/\/sophieneck-berlin.de\/wp-content\/uploads\/2020\/05\/Berlin_Mitte_Sophieneck_02-300x194.jpg\" class=\"attachment-medium size-medium wp-image-608\" alt=\"Berlin_Mitte_Sophieneck_02\" srcset=\"https:\/\/sophieneck-berlin.de\/wp-content\/uploads\/2020\/05\/Berlin_Mitte_Sophieneck_02-300x194.jpg 300w, https:\/\/sophieneck-berlin.de\/wp-content\/uploads\/2020\/05\/Berlin_Mitte_Sophieneck_02-600x389.jpg 600w, https:\/\/sophieneck-berlin.de\/wp-content\/uploads\/2020\/05\/Berlin_Mitte_Sophieneck_02-768x498.jpg 768w, https:\/\/sophieneck-berlin.de\/wp-content\/uploads\/2020\/05\/Berlin_Mitte_Sophieneck_02-18x12.jpg 18w, https:\/\/sophieneck-berlin.de\/wp-content\/uploads\/2020\/05\/Berlin_Mitte_Sophieneck_02-309x200.jpg 309w, https:\/\/sophieneck-berlin.de\/wp-content\/uploads\/2020\/05\/Berlin_Mitte_Sophieneck_02.jpg 1000w\" sizes=\"(max-width: 300px) 100vw, 300px\" \/>\t\t\t\t\t\t\t\t\t\t\t\t\t\t\t<\/div>\n\t\t\t\t<\/div>\n\t\t\t\t\t<\/div>\n\t\t<\/div>\n\t\t\t\t<div class=\"elementor-column elementor-col-50 elementor-top-column elementor-element elementor-element-c705588\" data-id=\"c705588\" data-element_type=\"column\" data-e-type=\"column\" data-settings=\"{&quot;background_background&quot;:&quot;classic&quot;}\">\n\t\t\t<div class=\"elementor-widget-wrap elementor-element-populated\">\n\t\t\t\t\t\t<div class=\"elementor-element elementor-element-747c184 elementor-widget elementor-widget-image\" data-id=\"747c184\" data-element_type=\"widget\" data-e-type=\"widget\" data-widget_type=\"image.default\">\n\t\t\t\t<div class=\"elementor-widget-container\">\n\t\t\t\t\t\t\t\t\t\t\t\t\t\t\t<img loading=\"lazy\" decoding=\"async\" width=\"800\" height=\"400\" src=\"https:\/\/sophieneck-berlin.de\/wp-content\/uploads\/2020\/05\/SophienstrKirchhofstra\u00dfe.jpg\" class=\"attachment-large size-large wp-image-592\" alt=\"SophienstrKirchhofstrasse\" srcset=\"https:\/\/sophieneck-berlin.de\/wp-content\/uploads\/2020\/05\/SophienstrKirchhofstra\u00dfe.jpg 800w, https:\/\/sophieneck-berlin.de\/wp-content\/uploads\/2020\/05\/SophienstrKirchhofstra\u00dfe-600x300.jpg 600w, https:\/\/sophieneck-berlin.de\/wp-content\/uploads\/2020\/05\/SophienstrKirchhofstra\u00dfe-300x150.jpg 300w, https:\/\/sophieneck-berlin.de\/wp-content\/uploads\/2020\/05\/SophienstrKirchhofstra\u00dfe-768x384.jpg 768w, https:\/\/sophieneck-berlin.de\/wp-content\/uploads\/2020\/05\/SophienstrKirchhofstra\u00dfe-18x9.jpg 18w, https:\/\/sophieneck-berlin.de\/wp-content\/uploads\/2020\/05\/SophienstrKirchhofstra\u00dfe-400x200.jpg 400w\" sizes=\"(max-width: 800px) 100vw, 800px\" \/>\t\t\t\t\t\t\t\t\t\t\t\t\t\t\t<\/div>\n\t\t\t\t<\/div>\n\t\t\t\t\t<\/div>\n\t\t<\/div>\n\t\t\t\t\t<\/div>\n\t\t<\/section>\n\t\t\t\t<section class=\"elementor-section elementor-top-section elementor-element elementor-element-b4aa821 elementor-section-boxed elementor-section-height-default elementor-section-height-default\" data-id=\"b4aa821\" data-element_type=\"section\" data-e-type=\"section\">\n\t\t\t\t\t\t\t<div class=\"elementor-background-overlay\"><\/div>\n\t\t\t\t\t\t\t<div class=\"elementor-container elementor-column-gap-default\">\n\t\t\t\t\t<div class=\"elementor-column elementor-col-100 elementor-top-column elementor-element elementor-element-20fa1b7\" data-id=\"20fa1b7\" data-element_type=\"column\" data-e-type=\"column\">\n\t\t\t<div class=\"elementor-widget-wrap elementor-element-populated\">\n\t\t\t\t\t\t<div class=\"elementor-element elementor-element-61adac9 elementor-widget-divider--view-line elementor-widget elementor-widget-divider\" data-id=\"61adac9\" data-element_type=\"widget\" data-e-type=\"widget\" data-widget_type=\"divider.default\">\n\t\t\t\t<div class=\"elementor-widget-container\">\n\t\t\t\t\t\t\t<div class=\"elementor-divider\">\n\t\t\t<span class=\"elementor-divider-separator\">\n\t\t\t\t\t\t<\/span>\n\t\t<\/div>\n\t\t\t\t\t\t<\/div>\n\t\t\t\t<\/div>\n\t\t\t\t\t<\/div>\n\t\t<\/div>\n\t\t\t\t\t<\/div>\n\t\t<\/section>\n\t\t\t\t<section class=\"elementor-section elementor-top-section elementor-element elementor-element-39698f5 elementor-section-boxed elementor-section-height-default elementor-section-height-default\" data-id=\"39698f5\" data-element_type=\"section\" data-e-type=\"section\">\n\t\t\t\t\t\t<div class=\"elementor-container elementor-column-gap-no\">\n\t\t\t\t\t<div class=\"elementor-column elementor-col-50 elementor-top-column elementor-element elementor-element-7091be4\" data-id=\"7091be4\" data-element_type=\"column\" data-e-type=\"column\">\n\t\t\t<div class=\"elementor-widget-wrap elementor-element-populated\">\n\t\t\t\t\t\t<div class=\"elementor-element elementor-element-4836cd0 elementor-widget elementor-widget-text-editor\" data-id=\"4836cd0\" data-element_type=\"widget\" data-e-type=\"widget\" data-widget_type=\"text-editor.default\">\n\t\t\t\t<div class=\"elementor-widget-container\">\n\t\t\t\t\t\t\t\t\t<h3>Handwerkervereinshaus<\/h3><h3>Sophienstra\u00dfe 17 \/ 18,<\/h3><div>\u00a0<\/div><p>hier entstand der Neubau der Arbeiterorganisation 1905, das Haus diente Bildungszwecken, auf dem Hof befanden sich mehrere gro\u00dfe S\u00e4le, der gr\u00f6\u00dfte fasste 3000 Personen. Wegen des Versammlungsverbotes trafen sich hier politische Organisationen und Parteien aller Lager. In den 20iger und 30iger Jahren gaben sich die Ringervereine ein Stelldichein, eine Art Verbrechergesellschaft, sie unterst\u00fctzten z.B: die Frauen und Kinder deren M\u00e4nner im Knast sa\u00dfen.<\/p>\t\t\t\t\t\t\t\t<\/div>\n\t\t\t\t<\/div>\n\t\t\t\t\t<\/div>\n\t\t<\/div>\n\t\t\t\t<div class=\"elementor-column elementor-col-50 elementor-top-column elementor-element elementor-element-bfdaaa1\" data-id=\"bfdaaa1\" data-element_type=\"column\" data-e-type=\"column\" data-settings=\"{&quot;background_background&quot;:&quot;classic&quot;}\">\n\t\t\t<div class=\"elementor-widget-wrap elementor-element-populated\">\n\t\t\t\t\t\t<div class=\"elementor-element elementor-element-5a765cf elementor-widget elementor-widget-image\" data-id=\"5a765cf\" data-element_type=\"widget\" data-e-type=\"widget\" data-widget_type=\"image.default\">\n\t\t\t\t<div class=\"elementor-widget-container\">\n\t\t\t\t\t\t\t\t\t\t\t\t\t\t\t<img loading=\"lazy\" decoding=\"async\" width=\"800\" height=\"400\" src=\"https:\/\/sophieneck-berlin.de\/wp-content\/uploads\/2020\/05\/Sophienstr_Kirche-Saele.jpg\" class=\"attachment-large size-large wp-image-641\" alt=\"Sophienstr_Kirche-Saele\" srcset=\"https:\/\/sophieneck-berlin.de\/wp-content\/uploads\/2020\/05\/Sophienstr_Kirche-Saele.jpg 800w, https:\/\/sophieneck-berlin.de\/wp-content\/uploads\/2020\/05\/Sophienstr_Kirche-Saele-600x300.jpg 600w, https:\/\/sophieneck-berlin.de\/wp-content\/uploads\/2020\/05\/Sophienstr_Kirche-Saele-300x150.jpg 300w, https:\/\/sophieneck-berlin.de\/wp-content\/uploads\/2020\/05\/Sophienstr_Kirche-Saele-768x384.jpg 768w, https:\/\/sophieneck-berlin.de\/wp-content\/uploads\/2020\/05\/Sophienstr_Kirche-Saele-18x9.jpg 18w, https:\/\/sophieneck-berlin.de\/wp-content\/uploads\/2020\/05\/Sophienstr_Kirche-Saele-400x200.jpg 400w\" sizes=\"(max-width: 800px) 100vw, 800px\" \/>\t\t\t\t\t\t\t\t\t\t\t\t\t\t\t<\/div>\n\t\t\t\t<\/div>\n\t\t\t\t\t<\/div>\n\t\t<\/div>\n\t\t\t\t\t<\/div>\n\t\t<\/section>\n\t\t\t\t<section class=\"elementor-section elementor-top-section elementor-element elementor-element-a5c6449 elementor-section-boxed elementor-section-height-default elementor-section-height-default\" data-id=\"a5c6449\" data-element_type=\"section\" data-e-type=\"section\">\n\t\t\t\t\t\t\t<div class=\"elementor-background-overlay\"><\/div>\n\t\t\t\t\t\t\t<div class=\"elementor-container elementor-column-gap-default\">\n\t\t\t\t\t<div class=\"elementor-column elementor-col-100 elementor-top-column elementor-element elementor-element-b9a8324\" data-id=\"b9a8324\" data-element_type=\"column\" data-e-type=\"column\">\n\t\t\t<div class=\"elementor-widget-wrap elementor-element-populated\">\n\t\t\t\t\t\t<div class=\"elementor-element elementor-element-5cc8fd7 elementor-widget-divider--view-line elementor-widget elementor-widget-divider\" data-id=\"5cc8fd7\" data-element_type=\"widget\" data-e-type=\"widget\" data-widget_type=\"divider.default\">\n\t\t\t\t<div class=\"elementor-widget-container\">\n\t\t\t\t\t\t\t<div class=\"elementor-divider\">\n\t\t\t<span class=\"elementor-divider-separator\">\n\t\t\t\t\t\t<\/span>\n\t\t<\/div>\n\t\t\t\t\t\t<\/div>\n\t\t\t\t<\/div>\n\t\t\t\t\t<\/div>\n\t\t<\/div>\n\t\t\t\t\t<\/div>\n\t\t<\/section>\n\t\t\t\t<section class=\"elementor-section elementor-top-section elementor-element elementor-element-3fd35ae elementor-section-boxed elementor-section-height-default elementor-section-height-default\" data-id=\"3fd35ae\" data-element_type=\"section\" data-e-type=\"section\">\n\t\t\t\t\t\t\t<div class=\"elementor-background-overlay\"><\/div>\n\t\t\t\t\t\t\t<div class=\"elementor-container elementor-column-gap-default\">\n\t\t\t\t\t<div class=\"elementor-column elementor-col-100 elementor-top-column elementor-element elementor-element-a2c494d\" data-id=\"a2c494d\" data-element_type=\"column\" data-e-type=\"column\">\n\t\t\t<div class=\"elementor-widget-wrap elementor-element-populated\">\n\t\t\t\t\t\t<div class=\"elementor-element elementor-element-15a9b75 elementor-invisible elementor-widget elementor-widget-heading\" data-id=\"15a9b75\" data-element_type=\"widget\" data-e-type=\"widget\" data-settings=\"{&quot;_animation&quot;:&quot;fadeInLeft&quot;}\" data-widget_type=\"heading.default\">\n\t\t\t\t<div class=\"elementor-widget-container\">\n\t\t\t\t\t<h2 class=\"elementor-heading-title elementor-size-default\">Rund um den Hackeschen Markt<\/h2>\t\t\t\t<\/div>\n\t\t\t\t<\/div>\n\t\t\t\t<div class=\"elementor-element elementor-element-685be58 elementor-widget elementor-widget-text-editor\" data-id=\"685be58\" data-element_type=\"widget\" data-e-type=\"widget\" data-widget_type=\"text-editor.default\">\n\t\t\t\t<div class=\"elementor-widget-container\">\n\t\t\t\t\t\t\t\t\t<p>Neue Sch\u00f6nhauser Strasse | Rosenthaler Strasse | Hackescher Markt<br><\/p>\t\t\t\t\t\t\t\t<\/div>\n\t\t\t\t<\/div>\n\t\t\t\t\t<\/div>\n\t\t<\/div>\n\t\t\t\t\t<\/div>\n\t\t<\/section>\n\t\t\t\t<section class=\"elementor-section elementor-top-section elementor-element elementor-element-247cbab elementor-section-boxed elementor-section-height-default elementor-section-height-default\" data-id=\"247cbab\" data-element_type=\"section\" data-e-type=\"section\">\n\t\t\t\t\t\t\t<div class=\"elementor-background-overlay\"><\/div>\n\t\t\t\t\t\t\t<div class=\"elementor-container elementor-column-gap-default\">\n\t\t\t\t\t<div class=\"elementor-column elementor-col-100 elementor-top-column elementor-element elementor-element-8eabd16\" data-id=\"8eabd16\" data-element_type=\"column\" data-e-type=\"column\">\n\t\t\t<div class=\"elementor-widget-wrap elementor-element-populated\">\n\t\t\t\t\t\t<div class=\"elementor-element elementor-element-0bc3b40 elementor-widget-divider--view-line elementor-widget elementor-widget-divider\" data-id=\"0bc3b40\" data-element_type=\"widget\" data-e-type=\"widget\" data-widget_type=\"divider.default\">\n\t\t\t\t<div class=\"elementor-widget-container\">\n\t\t\t\t\t\t\t<div class=\"elementor-divider\">\n\t\t\t<span class=\"elementor-divider-separator\">\n\t\t\t\t\t\t<\/span>\n\t\t<\/div>\n\t\t\t\t\t\t<\/div>\n\t\t\t\t<\/div>\n\t\t\t\t\t<\/div>\n\t\t<\/div>\n\t\t\t\t\t<\/div>\n\t\t<\/section>\n\t\t\t\t<section class=\"elementor-section elementor-top-section elementor-element elementor-element-4efff09 elementor-section-boxed elementor-section-height-default elementor-section-height-default\" data-id=\"4efff09\" data-element_type=\"section\" data-e-type=\"section\">\n\t\t\t\t\t\t<div class=\"elementor-container elementor-column-gap-no\">\n\t\t\t\t\t<div class=\"elementor-column elementor-col-50 elementor-top-column elementor-element elementor-element-8b3a1ec\" data-id=\"8b3a1ec\" data-element_type=\"column\" data-e-type=\"column\">\n\t\t\t<div class=\"elementor-widget-wrap elementor-element-populated\">\n\t\t\t\t\t\t<div class=\"elementor-element elementor-element-f0a575c elementor-widget elementor-widget-text-editor\" data-id=\"f0a575c\" data-element_type=\"widget\" data-e-type=\"widget\" data-widget_type=\"text-editor.default\">\n\t\t\t\t<div class=\"elementor-widget-container\">\n\t\t\t\t\t\t\t\t\t<h3>Hackesche H\u00f6fe,<\/h3><div>\u00a0<\/div><p>hier befinden sich 8 H\u00f6fe, damals die gr\u00f6\u00dfte Hofanlage Europas, 1906 &#8211; 1907 erbaut. Hier sollte man wohnen und arbeiten, es gab viele kleine Fabriken, Stempel-, Gummi- und Schuhhersteller, eine Wachsfabrik u.\u00e4. Heute gibt es eine Mischnutzung von Gewerbe, Kino, Theater und Wohnungen.<\/p>\t\t\t\t\t\t\t\t<\/div>\n\t\t\t\t<\/div>\n\t\t\t\t<div class=\"elementor-element elementor-element-88d39df elementor-widget elementor-widget-image\" data-id=\"88d39df\" data-element_type=\"widget\" data-e-type=\"widget\" data-widget_type=\"image.default\">\n\t\t\t\t<div class=\"elementor-widget-container\">\n\t\t\t\t\t\t\t\t\t\t\t\t\t\t\t<img loading=\"lazy\" decoding=\"async\" width=\"300\" height=\"225\" src=\"https:\/\/sophieneck-berlin.de\/wp-content\/uploads\/2020\/05\/HackescheHoefeArbeiten-300x225.jpg\" class=\"attachment-medium size-medium wp-image-676\" alt=\"Hackesche Hoefe, Arbeiten\" srcset=\"https:\/\/sophieneck-berlin.de\/wp-content\/uploads\/2020\/05\/HackescheHoefeArbeiten-300x225.jpg 300w, https:\/\/sophieneck-berlin.de\/wp-content\/uploads\/2020\/05\/HackescheHoefeArbeiten-600x450.jpg 600w, https:\/\/sophieneck-berlin.de\/wp-content\/uploads\/2020\/05\/HackescheHoefeArbeiten-768x576.jpg 768w, https:\/\/sophieneck-berlin.de\/wp-content\/uploads\/2020\/05\/HackescheHoefeArbeiten-16x12.jpg 16w, https:\/\/sophieneck-berlin.de\/wp-content\/uploads\/2020\/05\/HackescheHoefeArbeiten-267x200.jpg 267w, https:\/\/sophieneck-berlin.de\/wp-content\/uploads\/2020\/05\/HackescheHoefeArbeiten.jpg 800w\" sizes=\"(max-width: 300px) 100vw, 300px\" \/>\t\t\t\t\t\t\t\t\t\t\t\t\t\t\t<\/div>\n\t\t\t\t<\/div>\n\t\t\t\t\t<\/div>\n\t\t<\/div>\n\t\t\t\t<div class=\"elementor-column elementor-col-50 elementor-top-column elementor-element elementor-element-a866eec\" data-id=\"a866eec\" data-element_type=\"column\" data-e-type=\"column\" data-settings=\"{&quot;background_background&quot;:&quot;classic&quot;}\">\n\t\t\t<div class=\"elementor-widget-wrap elementor-element-populated\">\n\t\t\t\t\t\t<div class=\"elementor-element elementor-element-8fc3c8b elementor-widget elementor-widget-image\" data-id=\"8fc3c8b\" data-element_type=\"widget\" data-e-type=\"widget\" data-widget_type=\"image.default\">\n\t\t\t\t<div class=\"elementor-widget-container\">\n\t\t\t\t\t\t\t\t\t\t\t\t\t\t\t<img loading=\"lazy\" decoding=\"async\" width=\"1024\" height=\"287\" src=\"https:\/\/sophieneck-berlin.de\/wp-content\/uploads\/2020\/05\/HackescherMarkt_OranienburgerStr_RosentalerStr-1024x287.jpg\" class=\"attachment-large size-large wp-image-601\" alt=\"HackescherMarkt_OranienburgerStr_RosentalerStr\" srcset=\"https:\/\/sophieneck-berlin.de\/wp-content\/uploads\/2020\/05\/HackescherMarkt_OranienburgerStr_RosentalerStr-1024x287.jpg 1024w, https:\/\/sophieneck-berlin.de\/wp-content\/uploads\/2020\/05\/HackescherMarkt_OranienburgerStr_RosentalerStr-600x168.jpg 600w, https:\/\/sophieneck-berlin.de\/wp-content\/uploads\/2020\/05\/HackescherMarkt_OranienburgerStr_RosentalerStr-300x84.jpg 300w, https:\/\/sophieneck-berlin.de\/wp-content\/uploads\/2020\/05\/HackescherMarkt_OranienburgerStr_RosentalerStr-768x215.jpg 768w, https:\/\/sophieneck-berlin.de\/wp-content\/uploads\/2020\/05\/HackescherMarkt_OranienburgerStr_RosentalerStr-18x5.jpg 18w, https:\/\/sophieneck-berlin.de\/wp-content\/uploads\/2020\/05\/HackescherMarkt_OranienburgerStr_RosentalerStr-714x200.jpg 714w, https:\/\/sophieneck-berlin.de\/wp-content\/uploads\/2020\/05\/HackescherMarkt_OranienburgerStr_RosentalerStr.jpg 1500w\" sizes=\"(max-width: 1024px) 100vw, 1024px\" \/>\t\t\t\t\t\t\t\t\t\t\t\t\t\t\t<\/div>\n\t\t\t\t<\/div>\n\t\t\t\t<div class=\"elementor-element elementor-element-7e760c3 elementor-widget elementor-widget-image\" data-id=\"7e760c3\" data-element_type=\"widget\" data-e-type=\"widget\" data-widget_type=\"image.default\">\n\t\t\t\t<div class=\"elementor-widget-container\">\n\t\t\t\t\t\t\t\t\t\t\t\t\t\t\t<img loading=\"lazy\" decoding=\"async\" width=\"800\" height=\"200\" src=\"https:\/\/sophieneck-berlin.de\/wp-content\/uploads\/2020\/05\/HackescheHoefeWohnen.jpg\" class=\"attachment-large size-large wp-image-675\" alt=\"Hackesche Hoefe, Wohnen\" srcset=\"https:\/\/sophieneck-berlin.de\/wp-content\/uploads\/2020\/05\/HackescheHoefeWohnen.jpg 800w, https:\/\/sophieneck-berlin.de\/wp-content\/uploads\/2020\/05\/HackescheHoefeWohnen-600x150.jpg 600w, https:\/\/sophieneck-berlin.de\/wp-content\/uploads\/2020\/05\/HackescheHoefeWohnen-300x75.jpg 300w, https:\/\/sophieneck-berlin.de\/wp-content\/uploads\/2020\/05\/HackescheHoefeWohnen-768x192.jpg 768w, https:\/\/sophieneck-berlin.de\/wp-content\/uploads\/2020\/05\/HackescheHoefeWohnen-18x5.jpg 18w\" sizes=\"(max-width: 800px) 100vw, 800px\" \/>\t\t\t\t\t\t\t\t\t\t\t\t\t\t\t<\/div>\n\t\t\t\t<\/div>\n\t\t\t\t\t<\/div>\n\t\t<\/div>\n\t\t\t\t\t<\/div>\n\t\t<\/section>\n\t\t\t\t<section class=\"elementor-section elementor-top-section elementor-element elementor-element-73eb46f elementor-section-boxed elementor-section-height-default elementor-section-height-default\" data-id=\"73eb46f\" data-element_type=\"section\" data-e-type=\"section\">\n\t\t\t\t\t\t\t<div class=\"elementor-background-overlay\"><\/div>\n\t\t\t\t\t\t\t<div class=\"elementor-container elementor-column-gap-default\">\n\t\t\t\t\t<div class=\"elementor-column elementor-col-100 elementor-top-column elementor-element elementor-element-7c3f4b3\" data-id=\"7c3f4b3\" data-element_type=\"column\" data-e-type=\"column\">\n\t\t\t<div class=\"elementor-widget-wrap elementor-element-populated\">\n\t\t\t\t\t\t<div class=\"elementor-element elementor-element-a31caa1 elementor-widget-divider--view-line elementor-widget elementor-widget-divider\" data-id=\"a31caa1\" data-element_type=\"widget\" data-e-type=\"widget\" data-widget_type=\"divider.default\">\n\t\t\t\t<div class=\"elementor-widget-container\">\n\t\t\t\t\t\t\t<div class=\"elementor-divider\">\n\t\t\t<span class=\"elementor-divider-separator\">\n\t\t\t\t\t\t<\/span>\n\t\t<\/div>\n\t\t\t\t\t\t<\/div>\n\t\t\t\t<\/div>\n\t\t\t\t\t<\/div>\n\t\t<\/div>\n\t\t\t\t\t<\/div>\n\t\t<\/section>\n\t\t\t\t<section class=\"elementor-section elementor-top-section elementor-element elementor-element-9e87fb9 elementor-section-boxed elementor-section-height-default elementor-section-height-default\" data-id=\"9e87fb9\" data-element_type=\"section\" data-e-type=\"section\">\n\t\t\t\t\t\t<div class=\"elementor-container elementor-column-gap-no\">\n\t\t\t\t\t<div class=\"elementor-column elementor-col-50 elementor-top-column elementor-element elementor-element-9a4143a\" data-id=\"9a4143a\" data-element_type=\"column\" data-e-type=\"column\">\n\t\t\t<div class=\"elementor-widget-wrap elementor-element-populated\">\n\t\t\t\t\t\t<div class=\"elementor-element elementor-element-edb423b elementor-widget elementor-widget-text-editor\" data-id=\"edb423b\" data-element_type=\"widget\" data-e-type=\"widget\" data-widget_type=\"text-editor.default\">\n\t\t\t\t<div class=\"elementor-widget-container\">\n\t\t\t\t\t\t\t\t\t<h3>Haus Schwarzenberg,<\/h3><div>\u00a0<\/div><p>der Name stammt ab von dem Roman &#8222;Republik Schwarzenberg&#8220; von Stefan Heym und handelt im gleichnamigen Ort in Th\u00fcringen. Zum Kriegsende 1945 wurde f\u00fcr einige Tage im Ort Schwarzenberg einen unabh\u00e4ngige Republik ausgerufen. Der Ort wurde bei der Aufteilung Deutschlands in Besatzungszonen von den Aliierten vergessen. <\/p><p>So stellt dieses Hofensemble genauso eine Besonderheit in dem dem doch mittlerweile \u00fcberwiegend kommerziellen genutzen Gebiet dar. <\/p><p>\u00a0<\/p><p>In der Wendezeit besetzt von K\u00fcnstlern, wurde es von der Wohnungsbaugesellschaft erworben und konnte dem e.V. Haus Schwarzenberg zur Nutzung \u00fcberlassen werden. Somit blieb ein wichtiges kulturelles Zenrum in der Spandauer Vorstadt erhalten. <\/p><p>\u00a0<\/p><p>Neben Ateliers f\u00fcr K\u00fcnstler befinden sich dort eine sehr empfehlenswerte Buchhandlung mit einer Galerie ( z.B. mit Unikaten und Kleinstauflagen von verschiedenen K\u00fcnstlerkatalogen), das Museum &#8222;Stille Helden \u2013 Bilndenwerkstatt Ottto Weidt&#8220;, das Anne Frank Zentrum, ein Kino und als besonderes Highlight das Monsterkabinett (skurile Phantasiegestalten als mechanischen Puppen)<\/p>\t\t\t\t\t\t\t\t<\/div>\n\t\t\t\t<\/div>\n\t\t\t\t\t<\/div>\n\t\t<\/div>\n\t\t\t\t<div class=\"elementor-column elementor-col-50 elementor-top-column elementor-element elementor-element-7537297\" data-id=\"7537297\" data-element_type=\"column\" data-e-type=\"column\" data-settings=\"{&quot;background_background&quot;:&quot;classic&quot;}\">\n\t\t\t<div class=\"elementor-widget-wrap elementor-element-populated\">\n\t\t\t\t\t\t<div class=\"elementor-element elementor-element-f6755b3 elementor-widget elementor-widget-image\" data-id=\"f6755b3\" data-element_type=\"widget\" data-e-type=\"widget\" data-widget_type=\"image.default\">\n\t\t\t\t<div class=\"elementor-widget-container\">\n\t\t\t\t\t\t\t\t\t\t\t\t\t\t\t<img loading=\"lazy\" decoding=\"async\" width=\"800\" height=\"400\" src=\"https:\/\/sophieneck-berlin.de\/wp-content\/uploads\/2020\/05\/HausSchwarzenberg_RosentalerStr39.jpg\" class=\"attachment-large size-large wp-image-593\" alt=\"HausSchwarzenberg_RosentalerStr39\" srcset=\"https:\/\/sophieneck-berlin.de\/wp-content\/uploads\/2020\/05\/HausSchwarzenberg_RosentalerStr39.jpg 800w, https:\/\/sophieneck-berlin.de\/wp-content\/uploads\/2020\/05\/HausSchwarzenberg_RosentalerStr39-600x300.jpg 600w, https:\/\/sophieneck-berlin.de\/wp-content\/uploads\/2020\/05\/HausSchwarzenberg_RosentalerStr39-300x150.jpg 300w, https:\/\/sophieneck-berlin.de\/wp-content\/uploads\/2020\/05\/HausSchwarzenberg_RosentalerStr39-768x384.jpg 768w, https:\/\/sophieneck-berlin.de\/wp-content\/uploads\/2020\/05\/HausSchwarzenberg_RosentalerStr39-18x9.jpg 18w, https:\/\/sophieneck-berlin.de\/wp-content\/uploads\/2020\/05\/HausSchwarzenberg_RosentalerStr39-400x200.jpg 400w\" sizes=\"(max-width: 800px) 100vw, 800px\" \/>\t\t\t\t\t\t\t\t\t\t\t\t\t\t\t<\/div>\n\t\t\t\t<\/div>\n\t\t\t\t\t<\/div>\n\t\t<\/div>\n\t\t\t\t\t<\/div>\n\t\t<\/section>\n\t\t\t\t<section class=\"elementor-section elementor-top-section elementor-element elementor-element-7b77918 elementor-section-boxed elementor-section-height-default elementor-section-height-default\" data-id=\"7b77918\" data-element_type=\"section\" data-e-type=\"section\">\n\t\t\t\t\t\t\t<div class=\"elementor-background-overlay\"><\/div>\n\t\t\t\t\t\t\t<div class=\"elementor-container elementor-column-gap-default\">\n\t\t\t\t\t<div class=\"elementor-column elementor-col-100 elementor-top-column elementor-element elementor-element-de1cfbf\" data-id=\"de1cfbf\" data-element_type=\"column\" data-e-type=\"column\">\n\t\t\t<div class=\"elementor-widget-wrap elementor-element-populated\">\n\t\t\t\t\t\t<div class=\"elementor-element elementor-element-a25376c elementor-widget-divider--view-line elementor-widget elementor-widget-divider\" data-id=\"a25376c\" data-element_type=\"widget\" data-e-type=\"widget\" data-widget_type=\"divider.default\">\n\t\t\t\t<div class=\"elementor-widget-container\">\n\t\t\t\t\t\t\t<div class=\"elementor-divider\">\n\t\t\t<span class=\"elementor-divider-separator\">\n\t\t\t\t\t\t<\/span>\n\t\t<\/div>\n\t\t\t\t\t\t<\/div>\n\t\t\t\t<\/div>\n\t\t\t\t\t<\/div>\n\t\t<\/div>\n\t\t\t\t\t<\/div>\n\t\t<\/section>\n\t\t\t\t<section class=\"elementor-section elementor-top-section elementor-element elementor-element-37a426e elementor-section-boxed elementor-section-height-default elementor-section-height-default\" data-id=\"37a426e\" data-element_type=\"section\" data-e-type=\"section\">\n\t\t\t\t\t\t<div class=\"elementor-container elementor-column-gap-no\">\n\t\t\t\t\t<div class=\"elementor-column elementor-col-50 elementor-top-column elementor-element elementor-element-2e63772\" data-id=\"2e63772\" data-element_type=\"column\" data-e-type=\"column\">\n\t\t\t<div class=\"elementor-widget-wrap elementor-element-populated\">\n\t\t\t\t\t\t<div class=\"elementor-element elementor-element-3e7b311 elementor-widget elementor-widget-text-editor\" data-id=\"3e7b311\" data-element_type=\"widget\" data-e-type=\"widget\" data-widget_type=\"text-editor.default\">\n\t\t\t\t<div class=\"elementor-widget-container\">\n\t\t\t\t\t\t\t\t\t<h3>Neue Sch\u00f6nhauser, Ecke Rosenthaler Stra\u00dfe<\/h3><div>\u00a0<\/div><p>diese Stra\u00dfe wurde an der Stadtmauer gebaut, sie folgt dem Verlauf eines schmalen Pfades unterhalb der Befestigung, deutlich am Stra\u00dfenknick zu erkennen. <\/p><p>\u00a0<\/p><p>Das Haus am Anfang der Stra\u00dfe an der Ecke, die rote Apotheke, Berlins \u00e4lteste, die Inneneinrichtung stammt aus der Gr\u00fcnderzeit. <\/p><p>\u00a0<\/p><p>Das dritte Haus, das 1890 \/ 91 gebaute &#8222;Volkskaffeehaus&#8220;, im Vorderhaus und im Seitenfl\u00fcgel waren gro\u00dfe Hallen mit billigem Kaffeeausschank, im Hof gab es ein Kino und einen Kegelbahn.<\/p><div>\u00a0<\/div>\t\t\t\t\t\t\t\t<\/div>\n\t\t\t\t<\/div>\n\t\t\t\t<section class=\"elementor-section elementor-inner-section elementor-element elementor-element-221f04c elementor-section-full_width elementor-section-height-default elementor-section-height-default\" data-id=\"221f04c\" data-element_type=\"section\" data-e-type=\"section\">\n\t\t\t\t\t\t<div class=\"elementor-container elementor-column-gap-extended\">\n\t\t\t\t\t<div class=\"elementor-column elementor-col-50 elementor-inner-column elementor-element elementor-element-07e6c41\" data-id=\"07e6c41\" data-element_type=\"column\" data-e-type=\"column\">\n\t\t\t<div class=\"elementor-widget-wrap elementor-element-populated\">\n\t\t\t\t\t\t<div class=\"elementor-element elementor-element-045e018 elementor-widget elementor-widget-image\" data-id=\"045e018\" data-element_type=\"widget\" data-e-type=\"widget\" data-widget_type=\"image.default\">\n\t\t\t\t<div class=\"elementor-widget-container\">\n\t\t\t\t\t\t\t\t\t\t\t\t\t\t\t<img loading=\"lazy\" decoding=\"async\" width=\"800\" height=\"600\" src=\"https:\/\/sophieneck-berlin.de\/wp-content\/uploads\/2020\/05\/FassadendetailNeuerSchoenhauser.jpg\" class=\"attachment-large size-large wp-image-672\" alt=\"Fassadendetail Neue Schoenhauser Strasse\" srcset=\"https:\/\/sophieneck-berlin.de\/wp-content\/uploads\/2020\/05\/FassadendetailNeuerSchoenhauser.jpg 800w, https:\/\/sophieneck-berlin.de\/wp-content\/uploads\/2020\/05\/FassadendetailNeuerSchoenhauser-600x450.jpg 600w, https:\/\/sophieneck-berlin.de\/wp-content\/uploads\/2020\/05\/FassadendetailNeuerSchoenhauser-300x225.jpg 300w, https:\/\/sophieneck-berlin.de\/wp-content\/uploads\/2020\/05\/FassadendetailNeuerSchoenhauser-768x576.jpg 768w, https:\/\/sophieneck-berlin.de\/wp-content\/uploads\/2020\/05\/FassadendetailNeuerSchoenhauser-16x12.jpg 16w, https:\/\/sophieneck-berlin.de\/wp-content\/uploads\/2020\/05\/FassadendetailNeuerSchoenhauser-267x200.jpg 267w\" sizes=\"(max-width: 800px) 100vw, 800px\" \/>\t\t\t\t\t\t\t\t\t\t\t\t\t\t\t<\/div>\n\t\t\t\t<\/div>\n\t\t\t\t\t<\/div>\n\t\t<\/div>\n\t\t\t\t<div class=\"elementor-column elementor-col-50 elementor-inner-column elementor-element elementor-element-cff60be\" data-id=\"cff60be\" data-element_type=\"column\" data-e-type=\"column\">\n\t\t\t<div class=\"elementor-widget-wrap elementor-element-populated\">\n\t\t\t\t\t\t<div class=\"elementor-element elementor-element-dbe68b8 elementor-widget elementor-widget-image\" data-id=\"dbe68b8\" data-element_type=\"widget\" data-e-type=\"widget\" data-widget_type=\"image.default\">\n\t\t\t\t<div class=\"elementor-widget-container\">\n\t\t\t\t\t\t\t\t\t\t\t\t\t\t\t<img loading=\"lazy\" decoding=\"async\" width=\"800\" height=\"600\" src=\"https:\/\/sophieneck-berlin.de\/wp-content\/uploads\/2020\/05\/ApothekeNeueSchoenhauser.jpg\" class=\"attachment-large size-large wp-image-671\" alt=\"Apotheke Neue Schoenhauser Strasse\" srcset=\"https:\/\/sophieneck-berlin.de\/wp-content\/uploads\/2020\/05\/ApothekeNeueSchoenhauser.jpg 800w, https:\/\/sophieneck-berlin.de\/wp-content\/uploads\/2020\/05\/ApothekeNeueSchoenhauser-600x450.jpg 600w, https:\/\/sophieneck-berlin.de\/wp-content\/uploads\/2020\/05\/ApothekeNeueSchoenhauser-300x225.jpg 300w, https:\/\/sophieneck-berlin.de\/wp-content\/uploads\/2020\/05\/ApothekeNeueSchoenhauser-768x576.jpg 768w, https:\/\/sophieneck-berlin.de\/wp-content\/uploads\/2020\/05\/ApothekeNeueSchoenhauser-16x12.jpg 16w, https:\/\/sophieneck-berlin.de\/wp-content\/uploads\/2020\/05\/ApothekeNeueSchoenhauser-267x200.jpg 267w\" sizes=\"(max-width: 800px) 100vw, 800px\" \/>\t\t\t\t\t\t\t\t\t\t\t\t\t\t\t<\/div>\n\t\t\t\t<\/div>\n\t\t\t\t\t<\/div>\n\t\t<\/div>\n\t\t\t\t\t<\/div>\n\t\t<\/section>\n\t\t\t\t\t<\/div>\n\t\t<\/div>\n\t\t\t\t<div class=\"elementor-column elementor-col-50 elementor-top-column elementor-element elementor-element-486c17b\" data-id=\"486c17b\" data-element_type=\"column\" data-e-type=\"column\" data-settings=\"{&quot;background_background&quot;:&quot;classic&quot;}\">\n\t\t\t<div class=\"elementor-widget-wrap elementor-element-populated\">\n\t\t\t\t\t\t<div class=\"elementor-element elementor-element-212f1e2 elementor-widget elementor-widget-image\" data-id=\"212f1e2\" data-element_type=\"widget\" data-e-type=\"widget\" data-widget_type=\"image.default\">\n\t\t\t\t<div class=\"elementor-widget-container\">\n\t\t\t\t\t\t\t\t\t\t\t\t\t\t\t<img loading=\"lazy\" decoding=\"async\" width=\"800\" height=\"600\" src=\"https:\/\/sophieneck-berlin.de\/wp-content\/uploads\/2020\/05\/NeueSchoenhauserRosenthaler.jpg\" class=\"attachment-large size-large wp-image-670\" alt=\"Neue Schoenhauser Strasse Ecke Rosenthaler Strasse\" srcset=\"https:\/\/sophieneck-berlin.de\/wp-content\/uploads\/2020\/05\/NeueSchoenhauserRosenthaler.jpg 800w, https:\/\/sophieneck-berlin.de\/wp-content\/uploads\/2020\/05\/NeueSchoenhauserRosenthaler-600x450.jpg 600w, https:\/\/sophieneck-berlin.de\/wp-content\/uploads\/2020\/05\/NeueSchoenhauserRosenthaler-300x225.jpg 300w, https:\/\/sophieneck-berlin.de\/wp-content\/uploads\/2020\/05\/NeueSchoenhauserRosenthaler-768x576.jpg 768w, https:\/\/sophieneck-berlin.de\/wp-content\/uploads\/2020\/05\/NeueSchoenhauserRosenthaler-16x12.jpg 16w, https:\/\/sophieneck-berlin.de\/wp-content\/uploads\/2020\/05\/NeueSchoenhauserRosenthaler-267x200.jpg 267w\" sizes=\"(max-width: 800px) 100vw, 800px\" \/>\t\t\t\t\t\t\t\t\t\t\t\t\t\t\t<\/div>\n\t\t\t\t<\/div>\n\t\t\t\t\t<\/div>\n\t\t<\/div>\n\t\t\t\t\t<\/div>\n\t\t<\/section>\n\t\t\t\t<section class=\"elementor-section elementor-top-section elementor-element elementor-element-c3b71e9 elementor-section-boxed elementor-section-height-default elementor-section-height-default\" data-id=\"c3b71e9\" data-element_type=\"section\" data-e-type=\"section\">\n\t\t\t\t\t\t\t<div class=\"elementor-background-overlay\"><\/div>\n\t\t\t\t\t\t\t<div class=\"elementor-container elementor-column-gap-default\">\n\t\t\t\t\t<div class=\"elementor-column elementor-col-100 elementor-top-column elementor-element elementor-element-51188a0\" data-id=\"51188a0\" data-element_type=\"column\" data-e-type=\"column\">\n\t\t\t<div class=\"elementor-widget-wrap elementor-element-populated\">\n\t\t\t\t\t\t<div class=\"elementor-element elementor-element-2477a3e elementor-widget-divider--view-line elementor-widget elementor-widget-divider\" data-id=\"2477a3e\" data-element_type=\"widget\" data-e-type=\"widget\" data-widget_type=\"divider.default\">\n\t\t\t\t<div class=\"elementor-widget-container\">\n\t\t\t\t\t\t\t<div class=\"elementor-divider\">\n\t\t\t<span class=\"elementor-divider-separator\">\n\t\t\t\t\t\t<\/span>\n\t\t<\/div>\n\t\t\t\t\t\t<\/div>\n\t\t\t\t<\/div>\n\t\t\t\t\t<\/div>\n\t\t<\/div>\n\t\t\t\t\t<\/div>\n\t\t<\/section>\n\t\t\t\t<section class=\"elementor-section elementor-top-section elementor-element elementor-element-d821249 elementor-section-boxed elementor-section-height-default elementor-section-height-default\" data-id=\"d821249\" data-element_type=\"section\" data-e-type=\"section\">\n\t\t\t\t\t\t<div class=\"elementor-container elementor-column-gap-no\">\n\t\t\t\t\t<div class=\"elementor-column elementor-col-50 elementor-top-column elementor-element elementor-element-2241292\" data-id=\"2241292\" data-element_type=\"column\" data-e-type=\"column\">\n\t\t\t<div class=\"elementor-widget-wrap elementor-element-populated\">\n\t\t\t\t\t\t<div class=\"elementor-element elementor-element-02093f4 elementor-widget elementor-widget-text-editor\" data-id=\"02093f4\" data-element_type=\"widget\" data-e-type=\"widget\" data-widget_type=\"text-editor.default\">\n\t\t\t\t<div class=\"elementor-widget-container\">\n\t\t\t\t\t\t\t\t\t<h3>Der Garnisionsfriedhof, <\/h3><p>am Ostende der Auguststra\u00dfe gelegen, u.a. mit dem Grab von Clausewitz,<\/p><p>\u00a0<\/p><p>\u00a0<\/p>\t\t\t\t\t\t\t\t<\/div>\n\t\t\t\t<\/div>\n\t\t\t\t\t<\/div>\n\t\t<\/div>\n\t\t\t\t<div class=\"elementor-column elementor-col-50 elementor-top-column elementor-element elementor-element-f7c78fb\" data-id=\"f7c78fb\" data-element_type=\"column\" data-e-type=\"column\" data-settings=\"{&quot;background_background&quot;:&quot;classic&quot;}\">\n\t\t\t<div class=\"elementor-widget-wrap elementor-element-populated\">\n\t\t\t\t\t\t<div class=\"elementor-element elementor-element-575a30f elementor-widget elementor-widget-image\" data-id=\"575a30f\" data-element_type=\"widget\" data-e-type=\"widget\" data-widget_type=\"image.default\">\n\t\t\t\t<div class=\"elementor-widget-container\">\n\t\t\t\t\t\t\t\t\t\t\t\t\t\t\t<img loading=\"lazy\" decoding=\"async\" width=\"800\" height=\"265\" src=\"https:\/\/sophieneck-berlin.de\/wp-content\/uploads\/2020\/05\/ClausewitzGarnisionsfriedhof.jpg\" class=\"attachment-large size-large wp-image-690\" alt=\"Garnisionsfriedhof Berlin\" srcset=\"https:\/\/sophieneck-berlin.de\/wp-content\/uploads\/2020\/05\/ClausewitzGarnisionsfriedhof.jpg 800w, https:\/\/sophieneck-berlin.de\/wp-content\/uploads\/2020\/05\/ClausewitzGarnisionsfriedhof-600x199.jpg 600w, https:\/\/sophieneck-berlin.de\/wp-content\/uploads\/2020\/05\/ClausewitzGarnisionsfriedhof-300x99.jpg 300w, https:\/\/sophieneck-berlin.de\/wp-content\/uploads\/2020\/05\/ClausewitzGarnisionsfriedhof-768x254.jpg 768w, https:\/\/sophieneck-berlin.de\/wp-content\/uploads\/2020\/05\/ClausewitzGarnisionsfriedhof-18x6.jpg 18w, https:\/\/sophieneck-berlin.de\/wp-content\/uploads\/2020\/05\/ClausewitzGarnisionsfriedhof-604x200.jpg 604w\" sizes=\"(max-width: 800px) 100vw, 800px\" \/>\t\t\t\t\t\t\t\t\t\t\t\t\t\t\t<\/div>\n\t\t\t\t<\/div>\n\t\t\t\t\t<\/div>\n\t\t<\/div>\n\t\t\t\t\t<\/div>\n\t\t<\/section>\n\t\t\t\t<\/div>\n\t\t","protected":false},"excerpt":{"rendered":"<p>Der Kiez, die Spandauer Vorstadt Berlins erste Erw\u00e4hnung war in der Mitte des 12. Jahrhunderts. Nach dem 30igj\u00e4hrigem Krieg (1618 &#8211; 48) wurde als Schutz eine Bastion mit einer Befestigungsanlage gebaut, es entstanden 13 Tore rund um Berlin. Das bekannteste war und ist das Brandenburger Tor, ab 1735 wird die &hellip;<\/p>\n","protected":false},"author":1,"featured_media":0,"parent":0,"menu_order":0,"comment_status":"closed","ping_status":"closed","template":"elementor_header_footer","meta":{"footnotes":""},"folder":[],"class_list":["post-358","page","type-page","status-publish","hentry"],"_links":{"self":[{"href":"https:\/\/sophieneck-berlin.de\/de_de\/wp-json\/wp\/v2\/pages\/358","targetHints":{"allow":["GET"]}}],"collection":[{"href":"https:\/\/sophieneck-berlin.de\/de_de\/wp-json\/wp\/v2\/pages"}],"about":[{"href":"https:\/\/sophieneck-berlin.de\/de_de\/wp-json\/wp\/v2\/types\/page"}],"author":[{"embeddable":true,"href":"https:\/\/sophieneck-berlin.de\/de_de\/wp-json\/wp\/v2\/users\/1"}],"replies":[{"embeddable":true,"href":"https:\/\/sophieneck-berlin.de\/de_de\/wp-json\/wp\/v2\/comments?post=358"}],"version-history":[{"count":81,"href":"https:\/\/sophieneck-berlin.de\/de_de\/wp-json\/wp\/v2\/pages\/358\/revisions"}],"predecessor-version":[{"id":959,"href":"https:\/\/sophieneck-berlin.de\/de_de\/wp-json\/wp\/v2\/pages\/358\/revisions\/959"}],"wp:attachment":[{"href":"https:\/\/sophieneck-berlin.de\/de_de\/wp-json\/wp\/v2\/media?parent=358"}],"wp:term":[{"taxonomy":"folder","embeddable":true,"href":"https:\/\/sophieneck-berlin.de\/de_de\/wp-json\/wp\/v2\/folder?post=358"}],"curies":[{"name":"wp","href":"https:\/\/api.w.org\/{rel}","templated":true}]}}